{"id":10303,"date":"2020-10-16T08:24:43","date_gmt":"2020-10-16T08:24:43","guid":{"rendered":"https:\/\/www.falcadedolomiti.it\/enjoy-your-holiday\/summer\/hiking\/escursioni-alta-quota\/"},"modified":"2025-09-14T15:44:35","modified_gmt":"2025-09-14T14:44:35","slug":"walks-at-altitude","status":"publish","type":"page","link":"https:\/\/www.falcadedolomiti.it\/en\/enjoy-your-holiday\/summer\/hiking\/walks-at-altitude\/","title":{"rendered":"Walks at altitude"},"content":{"rendered":"<div class=\"wpb-content-wrapper\"><p>[vc_row css=&#8221;.vc_custom_1602667400344{padding-bottom: 36px !important;}&#8221;][vc_column][vc_column_text]<\/p>\n<h3>WALKS AT ALTITUDE<\/h3>\n<p>[\/vc_column_text][vc_empty_space][vc_empty_space][vc_column_text css=&#8221;.vc_custom_1651665639249{margin-top: -10px !important;}&#8221;]<\/p>\n<h4>TREKKING ITINERARIES &#8211; ALTA VIA DEI PASTORI<\/h4>\n<p>[\/vc_column_text][vc_column_text css=&#8221;.vc_custom_1651665960392{padding-top: 25px !important;}&#8221;]Established in 1982, thanks to an idea by Bepi Pellegrinon, this <strong>round-trip route<\/strong> offers breath-taking views, running amid the pastures and the mountain dairy huts of the <strong>Val del Biois<\/strong>, along the ancient <strong>shepherds\u2019 trails<\/strong>.<\/p>\n<p>The itinerary has recently been comprehensively revalued and extended by the Municipal Council of San Tomaso Agordino, which has mapped out the routes and extended them into the municipality.<\/p>\n<p>The<strong> Alta Via dei Pastori<\/strong> is a walking route through the mountains that surround the Val del Biois.<br \/>\nThe itinerary presents no particular difficulties, and offers the chance to walk through the heart of centuries-old woodland and to frequently encounter the local wildlife. It climbs up to high-altitude mountain pastures, where a series of dairy huts have remained as a testament to the farming activity that has traditionally been a source of income that has bound the local valley folk closely to their homeland.<br \/>\nAlong the way, you can admire some of the <strong>most famous peaks<\/strong> in the <strong>Dolomites<\/strong>, which have always attracted mountaineers from all over the world, including the <strong>Marmolada<\/strong>, <strong>Civetta<\/strong>, <strong>Agner<\/strong>,<strong> Focobon<\/strong> and <strong>Cime d\u2019Auta<\/strong>, as well as the <strong>Tofane<\/strong> and the <strong>Cristallo<\/strong> in the distance.<\/p>\n<p>Before embarking on the tour, we strongly recommend checking with a guide to ascertain the feasibility of the route and the condition of the paths.[\/vc_column_text][\/vc_column][\/vc_row][vc_row css=&#8221;.vc_custom_1602666182136{padding-bottom: 50px !important;}&#8221;][vc_column][vc_column_text]<\/p>\n<h5>STAGE 1: BOGO &#8211; GARES<\/h5>\n<p>[\/vc_column_text][vc_column_text css=&#8221;.vc_custom_1651666091861{padding-top: 15px !important;}&#8221;]The route starts out from the Bogo (1194 m) neighbourhood of Cencenighe, where, after parking your car, you can start making your way up the Italian Alpine Club path no. 759 to Casera Rudef\u00ecn Alta (2104 m).<\/p>\n<p>In this large area of pastureland on the slopes of Cima Pape, you can see a number of shelters indicative of the age-old farming and forestry activity.<\/p>\n<p>The path winds its way up and down towards Malga dei Ca\u00f3z and Malga di Campig\u00e0t (1801 m). This stretch offers some particularly attractive views of the San Lucano and Gar\u00e9s valleys.<\/p>\n<p>A must is a detour to enjoy some magnificent 360\u00b0 views over the main Dolomite peaks, up a steep but clearly marked trail that leads to Cima Pape (2503 m), where your efforts will be amply rewarded. When you reach Malga di Campig\u00e0t (1801 m), you will encounter Italian Alpine Club path no. 756, which descends round sharp bends to Pi\u00e0n delle Gi\u00e0re, where you can rest and have a bite to eat at Capanna Cima Com\u00e8lle (1333 m). [\/vc_column_text][vc_empty_space][vc_tta_tabs style=&#8221;modern&#8221; shape=&#8221;square&#8221; color=&#8221;white&#8221; active_section=&#8221;1&#8243; el_class=&#8221;custom-icon&#8221;][vc_tta_section i_type=&#8221;typicons&#8221; i_icon_typicons=&#8221;typcn typcn-time&#8221; add_icon=&#8221;true&#8221; title=&#8221;Departure&#8221; tab_id=&#8221;1602666458841-64987c4b-cbf94293-7a838fd5-d6e2&#8243;][vc_column_text]<\/p>\n<p class=\"p1\">Village of Bogo<\/p>\n<p>[\/vc_column_text][\/vc_tta_section][vc_tta_section i_type=&#8221;typicons&#8221; i_icon_typicons=&#8221;typcn typcn-time&#8221; add_icon=&#8221;true&#8221; title=&#8221;Arrival&#8221; tab_id=&#8221;1621517299484-ae583603-c6b6&#8243;][vc_column_text]<\/p>\n<p class=\"p1\">Capanna Cime Comelle<\/p>\n<p>[\/vc_column_text][\/vc_tta_section][vc_tta_section i_type=&#8221;typicons&#8221; i_icon_typicons=&#8221;typcn typcn-time&#8221; add_icon=&#8221;true&#8221; title=&#8221;Time required&#8221; tab_id=&#8221;1621517297697-99d4cb78-190d&#8221;][vc_column_text]<\/p>\n<p class=\"p1\">5-6 hours<\/p>\n<p>[\/vc_column_text][\/vc_tta_section][vc_tta_section i_type=&#8221;typicons&#8221; i_icon_typicons=&#8221;typcn typcn-chart-area-outline&#8221; add_icon=&#8221;true&#8221; title=&#8221;Recommended periods&#8221; tab_id=&#8221;1621516655392-0a3f44a9-9be5&#8243;][vc_column_text]<\/p>\n<p class=\"p1\">from May to September<\/p>\n<p>[\/vc_column_text][\/vc_tta_section][\/vc_tta_tabs][vc_empty_space]<div class=\"mkdf-image-gallery  mkdf-ig-grid-type mkdf-normal-space  mkdf-image-behavior-lightbox\">\n\t<div class=\"mkdf-ig-inner mkdf-outer-space mkdf-ig-grid mkdf-ig-three-columns\">\n\t\t\t\t\t<div class=\"mkdf-ig-image mkdf-item-space\">\n\t\t\t\t<div class=\"mkdf-ig-image-inner\">\n\t\t\t\t\t\t\t\t\t\t\t<a itemprop=\"image\" class=\"mkdf-ig-lightbox\" href=\"https:\/\/www.falcadedolomiti.it\/wp-content\/uploads\/2021\/04\/cascate-di-Gares.jpg\" data-rel=\"prettyPhoto[image_gallery_pretty_photo-647]\" title=\"cascate-di-Gares\">\n\t\t\t\t\t\t\t\t\t\t\t<img loading=\"lazy\" decoding=\"async\" width=\"1000\" height=\"650\" src=\"https:\/\/www.falcadedolomiti.it\/wp-content\/uploads\/2021\/04\/cascate-di-Gares.jpg\" class=\"attachment-full size-full\" alt=\"\" srcset=\"https:\/\/www.falcadedolomiti.it\/wp-content\/uploads\/2021\/04\/cascate-di-Gares.jpg 1000w, https:\/\/www.falcadedolomiti.it\/wp-content\/uploads\/2021\/04\/cascate-di-Gares-300x195.jpg 300w, https:\/\/www.falcadedolomiti.it\/wp-content\/uploads\/2021\/04\/cascate-di-Gares-768x499.jpg 768w\" sizes=\"auto, (max-width: 1000px) 100vw, 1000px\" \/>\t\t\t\t\t\t\t\t\t\t\t<\/a>\n\t\t\t\t\t\t\t\t\t<\/div>\n\t\t\t<\/div>\n\t\t\t<\/div>\n<\/div>[\/vc_column][\/vc_row][vc_row css=&#8221;.vc_custom_1602666182136{padding-bottom: 50px !important;}&#8221;][vc_column][vc_column_text]<\/p>\n<h5>STAGE 2: GARES &#8211; MULAZ REFUGE<\/h5>\n<p>[\/vc_column_text][vc_column_text css=&#8221;.vc_custom_1651666319516{padding-top: 15px !important;}&#8221;]The second stage leads to the <strong>Volpi del Mulaz Refuge<\/strong> (2571 m). It runs across Pi\u00e0n delle Gi\u00e0re until Italian Alpine Club path no. 704, which leads to the village of Gar\u00e9s via the waterfalls.<\/p>\n<p>Leave the Italian Alpine Club path no. 704 and go up Italian Alpine Club path no. 754 to Malga Stia (1786 m). After a brief refreshment stop, the climb starts up to the Forcella Stia saddle (2190 m), along Italian Alpine Club path no. 752. After the saddle, head down into the Focobon Valley. In this high-altitude environment, Italian Alpine Club path no. 722 leads across small rocks and stretches of scree to the G. V. Mulaz Refuge (2571 m), where you can eat and spend the night. The view towards the walls of the Focob\u00f3n is breath-taking, and the climb up the path that leads to <strong>Cima del Mulaz<\/strong> is a must.[\/vc_column_text][vc_empty_space][vc_tta_tabs style=&#8221;modern&#8221; shape=&#8221;square&#8221; color=&#8221;white&#8221; active_section=&#8221;1&#8243; el_class=&#8221;custom-icon&#8221;][vc_tta_section i_type=&#8221;typicons&#8221; i_icon_typicons=&#8221;typcn typcn-time&#8221; add_icon=&#8221;true&#8221; title=&#8221;Departure&#8221; tab_id=&#8221;1621516669339-13f00aa8-7214&#8243;][vc_column_text]<\/p>\n<p class=\"p1\">Gares<\/p>\n<p>[\/vc_column_text][\/vc_tta_section][vc_tta_section i_type=&#8221;typicons&#8221; i_icon_typicons=&#8221;typcn typcn-time&#8221; add_icon=&#8221;true&#8221; title=&#8221;Arrival&#8221; tab_id=&#8221;1621517429563-c58bcdec-316c&#8221;][vc_column_text]<\/p>\n<p class=\"p1\">\u00a0Mulaz Refuge<\/p>\n<p>[\/vc_column_text][\/vc_tta_section][vc_tta_section i_type=&#8221;typicons&#8221; i_icon_typicons=&#8221;typcn typcn-time&#8221; add_icon=&#8221;true&#8221; title=&#8221;Time required&#8221; tab_id=&#8221;1621517428264-4c8b699f-0d9c&#8221;][vc_column_text]<\/p>\n<p class=\"p1\">4-5 hours<\/p>\n<p>[\/vc_column_text][\/vc_tta_section][vc_tta_section i_type=&#8221;typicons&#8221; i_icon_typicons=&#8221;typcn typcn-chart-area-outline&#8221; add_icon=&#8221;true&#8221; title=&#8221;Recommended periods&#8221; tab_id=&#8221;1621516669698-9c4a9ab6-bac2&#8243;][vc_column_text]<\/p>\n<p class=\"p1\">from June to September<\/p>\n<p>[\/vc_column_text][\/vc_tta_section][\/vc_tta_tabs][vc_empty_space]<div class=\"mkdf-image-gallery  mkdf-ig-grid-type mkdf-normal-space  mkdf-image-behavior-lightbox\">\n\t<div class=\"mkdf-ig-inner mkdf-outer-space mkdf-ig-grid mkdf-ig-three-columns\">\n\t\t\t\t\t<div class=\"mkdf-ig-image mkdf-item-space\">\n\t\t\t\t<div class=\"mkdf-ig-image-inner\">\n\t\t\t\t\t\t\t\t\t\t\t<a itemprop=\"image\" class=\"mkdf-ig-lightbox\" href=\"https:\/\/www.falcadedolomiti.it\/wp-content\/uploads\/2021\/04\/monti-mulaz-tramonto.jpg\" data-rel=\"prettyPhoto[image_gallery_pretty_photo-221]\" title=\"monti-mulaz-tramonto\">\n\t\t\t\t\t\t\t\t\t\t\t<img loading=\"lazy\" decoding=\"async\" width=\"1000\" height=\"650\" src=\"https:\/\/www.falcadedolomiti.it\/wp-content\/uploads\/2021\/04\/monti-mulaz-tramonto.jpg\" class=\"attachment-full size-full\" alt=\"\" srcset=\"https:\/\/www.falcadedolomiti.it\/wp-content\/uploads\/2021\/04\/monti-mulaz-tramonto.jpg 1000w, https:\/\/www.falcadedolomiti.it\/wp-content\/uploads\/2021\/04\/monti-mulaz-tramonto-300x195.jpg 300w, https:\/\/www.falcadedolomiti.it\/wp-content\/uploads\/2021\/04\/monti-mulaz-tramonto-768x499.jpg 768w\" sizes=\"auto, (max-width: 1000px) 100vw, 1000px\" \/>\t\t\t\t\t\t\t\t\t\t\t<\/a>\n\t\t\t\t\t\t\t\t\t<\/div>\n\t\t\t<\/div>\n\t\t\t<\/div>\n<\/div>[\/vc_column][\/vc_row][vc_row css=&#8221;.vc_custom_1602666182136{padding-bottom: 50px !important;}&#8221;][vc_column][vc_column_text]<\/p>\n<h5>STAGE 3 :\u00a0 MULAZ REFUGE &#8211; FLORA ALPINA REFUGE<\/h5>\n<p>[\/vc_column_text][vc_column_text css=&#8221;.vc_custom_1651666534767{padding-top: 15px !important;}&#8221;]From the refuge, head along Italian Alpine Club path no. 751 and then follow Italian Alpine Club path no. 774 down to the Cost\u00e0za pasture (1573 m). The mountain hut here has been turned into a refuge for walkers passing through in the summer, and has been named after Lorenzo Bottari. From here, you can take a sheep track if you wish to conclude your walk at Mol\u00ecn di Falcade (1184 m). The path continues along the orographic right of the Val\u00e9s valley and winds its way up and down all the way to the Malga Val\u00e9s Bas\u00a0(1711 m) and\u00a0Malga Val\u00e9s Alto huts. In this high-altitude valley, you will also find a number of wooden huts once used for keeping straw.<br \/>\nCarry on across the Valles Pass road and take a steep mule track that soon leads to the plain above, on the edge of the woods, where you will find the\u00a0Cas\u00e8ra de la Cavi\u00e0za\u00a0(1877 m) mountain hut. Continue on to the Le Buse Refuge (1895 m), and from here, head in the direction of the C\u00e0via artificial basin (2102 m), where you will immediately come across the\u00a0Cas\u00e8ra le Buse\u00a0hut (1910 m), followed by Te\u00e0z de le Mande, before you come to Malga dei Z\u00ecnghen Alti.<br \/>\nAfter the basin, the path goes rapidly down towards the San Pellegrino Pass to the Malga Z\u00ecnghen Bas\u00a0alpine hut (1775 m), on the border between the provinces of Belluno and Trento.<br \/>\nThe path takes off again up along the Val di Zigol\u00e9 towards the Malga Bo\u00e8r\u00a0alpine hut (1808 m). Continue along the road to the mountain pasture that comes from the San Pellegrino Pass, until the woodland opens out onto the pastures of Fuci\u00e0de and Val Freda, where you will find the Flora Alpina Refuge\u00a0(1818 m).<br \/>\nHere there is a brief round-trip route along easy paths that follow the itinerary to Casoni di Val Freda and then head to the Malga ai Lach\u00a0alpine hut (1815 m), followed by Malga B\u00f2sch Brus\u00e0\u00a0(1867 m), before continuing along the Val di Forca and meeting back up with the itinerary at Pi\u00e0n de la Schita.[\/vc_column_text][vc_empty_space][vc_tta_tabs style=&#8221;modern&#8221; shape=&#8221;square&#8221; color=&#8221;white&#8221; active_section=&#8221;1&#8243; el_class=&#8221;custom-icon&#8221;][vc_tta_section i_type=&#8221;typicons&#8221; i_icon_typicons=&#8221;typcn typcn-time&#8221; add_icon=&#8221;true&#8221; title=&#8221;Departure&#8221; tab_id=&#8221;1621516788673-a6da7bce-2093&#8243;][vc_column_text]<\/p>\n<p class=\"p1\">\u00a0Mulaz Refuge<\/p>\n<p>[\/vc_column_text][\/vc_tta_section][vc_tta_section i_type=&#8221;typicons&#8221; i_icon_typicons=&#8221;typcn typcn-time&#8221; add_icon=&#8221;true&#8221; title=&#8221;Arrival&#8221; tab_id=&#8221;1621517530964-98d769e5-09ac&#8221;][vc_column_text]<\/p>\n<p class=\"p1\">\u00a0Flora Alpina Refuge<\/p>\n<p>[\/vc_column_text][\/vc_tta_section][vc_tta_section i_type=&#8221;typicons&#8221; i_icon_typicons=&#8221;typcn typcn-time&#8221; add_icon=&#8221;true&#8221; title=&#8221;Time required&#8221; tab_id=&#8221;1621517529808-3f6515b4-8229&#8243;][vc_column_text]<\/p>\n<p class=\"p1\">3-4 hours<\/p>\n<p>[\/vc_column_text][\/vc_tta_section][vc_tta_section i_type=&#8221;typicons&#8221; i_icon_typicons=&#8221;typcn typcn-chart-area-outline&#8221; add_icon=&#8221;true&#8221; title=&#8221;Recommended periods&#8221; tab_id=&#8221;1621516789029-351a3b70-b817&#8243;][vc_column_text]<\/p>\n<p class=\"p1\">from May to September<\/p>\n<p>[\/vc_column_text][\/vc_tta_section][\/vc_tta_tabs][vc_empty_space]<div class=\"mkdf-image-gallery  mkdf-ig-grid-type mkdf-normal-space  mkdf-image-behavior-lightbox\">\n\t<div class=\"mkdf-ig-inner mkdf-outer-space mkdf-ig-grid mkdf-ig-three-columns\">\n\t\t\t\t\t<div class=\"mkdf-ig-image mkdf-item-space\">\n\t\t\t\t<div class=\"mkdf-ig-image-inner\">\n\t\t\t\t\t\t\t\t\t\t\t<a itemprop=\"image\" class=\"mkdf-ig-lightbox\" href=\"https:\/\/www.falcadedolomiti.it\/wp-content\/uploads\/2021\/04\/Valfredda.jpg\" data-rel=\"prettyPhoto[image_gallery_pretty_photo-94]\" title=\"Valfredda\">\n\t\t\t\t\t\t\t\t\t\t\t<img loading=\"lazy\" decoding=\"async\" width=\"1000\" height=\"650\" src=\"https:\/\/www.falcadedolomiti.it\/wp-content\/uploads\/2021\/04\/Valfredda.jpg\" class=\"attachment-full size-full\" alt=\"\" srcset=\"https:\/\/www.falcadedolomiti.it\/wp-content\/uploads\/2021\/04\/Valfredda.jpg 1000w, https:\/\/www.falcadedolomiti.it\/wp-content\/uploads\/2021\/04\/Valfredda-300x195.jpg 300w, https:\/\/www.falcadedolomiti.it\/wp-content\/uploads\/2021\/04\/Valfredda-768x499.jpg 768w\" sizes=\"auto, (max-width: 1000px) 100vw, 1000px\" \/>\t\t\t\t\t\t\t\t\t\t\t<\/a>\n\t\t\t\t\t\t\t\t\t<\/div>\n\t\t\t<\/div>\n\t\t\t<\/div>\n<\/div>[\/vc_column][\/vc_row][vc_row css=&#8221;.vc_custom_1602666182136{padding-bottom: 50px !important;}&#8221;][vc_column][vc_column_text]<\/p>\n<h5>STAGE 4: FLORA ALPINA REFUGE \u2013 BAITA DEI CACCIATORI<\/h5>\n<p>[\/vc_column_text][vc_column_text css=&#8221;.vc_custom_1651667043355{padding-top: 15px !important;}&#8221;]Once you reach\u00a0the <strong>Flora Alpina Refuge<\/strong>, come off the asphalt road and continue along an easy path to the <strong>Casoni di Val Freda<\/strong>. Go up the valley and then Pian de la Schita to Forca Rossa\u00a0(2490 m), from which you can enjoy marvellous views.<br \/>\nFrom here, go down along the Val di Franzed\u00e0s to the Col Bech\u00e8r Pass\u00a0(2312 m) and on to the\u00a0<strong>Baita Giovanni Paolo I mountain hut<\/strong>\u00a0(1865 m), or the <strong>Baita dei Cacciatori\u00a0mountain hut<\/strong> (1745 m) below it.<br \/>\nContinue along a path that runs across the high-altitude pastures below the Torri dell\u2019Auta (2624 m) to the Baita di C\u00f2l M\u00f3nt\u00a0(1854 m) mountain hut.<br \/>\nThe Baita di C\u00f2l M\u00f3nt\u00a0and\u00a0Baita dei Cacciatori\u00a0mountain huts are departure points for adequately equipped and experienced walkers who wish to climb up to the Cima dell\u2019Auta Orientale peak\u00a0(2624 m), taking the via ferrata P. Piccolin equipped route or the normal route.[\/vc_column_text][vc_empty_space][vc_tta_tabs style=&#8221;modern&#8221; shape=&#8221;square&#8221; color=&#8221;white&#8221; active_section=&#8221;1&#8243; el_class=&#8221;custom-icon&#8221;][vc_tta_section i_type=&#8221;typicons&#8221; i_icon_typicons=&#8221;typcn typcn-time&#8221; add_icon=&#8221;true&#8221; title=&#8221;Departure&#8221; tab_id=&#8221;1621516885637-26616745-168e&#8221;][vc_column_text]<\/p>\n<p class=\"p1\">\u00a0Flora Alpina Refuge<\/p>\n<p>[\/vc_column_text][\/vc_tta_section][vc_tta_section i_type=&#8221;typicons&#8221; i_icon_typicons=&#8221;typcn typcn-time&#8221; add_icon=&#8221;true&#8221; title=&#8221;Arrival&#8221; tab_id=&#8221;1621517664969-4850c5e9-1b49&#8243;][vc_column_text]<\/p>\n<p class=\"p1\">Baita dei Cacciatori<\/p>\n<p>[\/vc_column_text][\/vc_tta_section][vc_tta_section i_type=&#8221;typicons&#8221; i_icon_typicons=&#8221;typcn typcn-time&#8221; add_icon=&#8221;true&#8221; title=&#8221;Time required&#8221; tab_id=&#8221;1621517663771-6bb86def-7e11&#8243;][vc_column_text]<\/p>\n<p class=\"p1\">5-6 hours<\/p>\n<p>[\/vc_column_text][\/vc_tta_section][vc_tta_section i_type=&#8221;typicons&#8221; i_icon_typicons=&#8221;typcn typcn-chart-area-outline&#8221; add_icon=&#8221;true&#8221; title=&#8221;Recommended periods&#8221; tab_id=&#8221;1621516886015-1f423e76-662e&#8221;][vc_column_text]<\/p>\n<p class=\"p1\">from May to September<\/p>\n<p>[\/vc_column_text][\/vc_tta_section][\/vc_tta_tabs][vc_empty_space]<div class=\"mkdf-image-gallery  mkdf-ig-grid-type mkdf-normal-space  mkdf-image-behavior-lightbox\">\n\t<div class=\"mkdf-ig-inner mkdf-outer-space mkdf-ig-grid mkdf-ig-three-columns\">\n\t\t\t\t\t<div class=\"mkdf-ig-image mkdf-item-space\">\n\t\t\t\t<div class=\"mkdf-ig-image-inner\">\n\t\t\t\t\t\t\t\t\t\t\t<a itemprop=\"image\" class=\"mkdf-ig-lightbox\" href=\"https:\/\/www.falcadedolomiti.it\/wp-content\/uploads\/2021\/04\/Baita-ai-Cacciatori.jpg\" data-rel=\"prettyPhoto[image_gallery_pretty_photo-55]\" title=\"Baita-ai-Cacciatori\">\n\t\t\t\t\t\t\t\t\t\t\t<img loading=\"lazy\" decoding=\"async\" width=\"1000\" height=\"650\" src=\"https:\/\/www.falcadedolomiti.it\/wp-content\/uploads\/2021\/04\/Baita-ai-Cacciatori.jpg\" class=\"attachment-full size-full\" alt=\"\" srcset=\"https:\/\/www.falcadedolomiti.it\/wp-content\/uploads\/2021\/04\/Baita-ai-Cacciatori.jpg 1000w, https:\/\/www.falcadedolomiti.it\/wp-content\/uploads\/2021\/04\/Baita-ai-Cacciatori-300x195.jpg 300w, https:\/\/www.falcadedolomiti.it\/wp-content\/uploads\/2021\/04\/Baita-ai-Cacciatori-768x499.jpg 768w\" sizes=\"auto, (max-width: 1000px) 100vw, 1000px\" \/>\t\t\t\t\t\t\t\t\t\t\t<\/a>\n\t\t\t\t\t\t\t\t\t<\/div>\n\t\t\t<\/div>\n\t\t\t<\/div>\n<\/div>[\/vc_column][\/vc_row][vc_row css=&#8221;.vc_custom_1602666182136{padding-bottom: 50px !important;}&#8221;][vc_column][vc_column_text]<\/p>\n<h5>STAGE 6: SASSO BIANCO REFUGE<\/h5>\n<p>[\/vc_column_text][vc_column_text css=&#8221;.vc_custom_1651667236761{padding-top: 15px !important;}&#8221;]This stage begins by immediately climbing up along <strong>Italian Alpine Club<\/strong> path no. 687 to the Forcella N\u00e9gher\u00a0saddle (2300 m), from where you can admire views of the delightful Lach d\u2019i N\u00e9gher lake.<br \/>\nThe path then heads down to the Forcella de Franz\u00e9i\u00a0saddle and then back up to the Forcella Pian\u00e9za saddle,\u00a0Italian Alpine Club path no. 684, followed by the Forcella delle Font\u00e0ne\u00a0saddle and along the northern slopes of the P\u00e9za\u00a0mountain group to Cas\u00e8re di Val B\u00f3na\u00a0(1635 m) and the Forcella Sci\u00f2ta\u00a0saddle, via C\u00f2l di Sele to complete the\u00a0Italian Alpine Club path no. 623 at the Sasso Bianco Refuge\u00a0(1840 m), where you can stop off for something to eat.<br \/>\nIn this remote environment, with marvellous views of the South wall of the Marmolada, you are likely to make frequent encounters with the local wildlife. [\/vc_column_text][vc_empty_space][vc_tta_tabs style=&#8221;modern&#8221; shape=&#8221;square&#8221; color=&#8221;white&#8221; active_section=&#8221;1&#8243; el_class=&#8221;custom-icon&#8221;][vc_tta_section i_type=&#8221;typicons&#8221; i_icon_typicons=&#8221;typcn typcn-time&#8221; add_icon=&#8221;true&#8221; title=&#8221;Departure&#8221; tab_id=&#8221;1621517037448-2f5a2d33-6b34&#8243;][vc_column_text]<\/p>\n<p class=\"p1\">Italian Alpine Club path to the Forcella Negher saddle<\/p>\n<p>[\/vc_column_text][\/vc_tta_section][vc_tta_section i_type=&#8221;typicons&#8221; i_icon_typicons=&#8221;typcn typcn-time&#8221; add_icon=&#8221;true&#8221; title=&#8221;Arrival&#8221; tab_id=&#8221;1621517832332-0fc30257-93f9&#8243;][vc_column_text]<\/p>\n<p class=\"p1\">\u00a0Sasso Bianco refuge<\/p>\n<p>[\/vc_column_text][\/vc_tta_section][vc_tta_section i_type=&#8221;typicons&#8221; i_icon_typicons=&#8221;typcn typcn-time&#8221; add_icon=&#8221;true&#8221; title=&#8221;Time required&#8221; tab_id=&#8221;1621517831113-82d1656f-e4a0&#8243;][vc_column_text]<\/p>\n<p class=\"p1\">5-6 hours<\/p>\n<p>[\/vc_column_text][\/vc_tta_section][vc_tta_section i_type=&#8221;typicons&#8221; i_icon_typicons=&#8221;typcn typcn-chart-area-outline&#8221; add_icon=&#8221;true&#8221; title=&#8221;Recommended periods&#8221; tab_id=&#8221;1621517037824-b4d53539-1ec5&#8243;][vc_column_text]<\/p>\n<p class=\"p1\">from May to September<\/p>\n<p>[\/vc_column_text][\/vc_tta_section][\/vc_tta_tabs][vc_empty_space]<div class=\"mkdf-image-gallery  mkdf-ig-grid-type mkdf-normal-space  mkdf-image-behavior-lightbox\">\n\t<div class=\"mkdf-ig-inner mkdf-outer-space mkdf-ig-grid mkdf-ig-three-columns\">\n\t\t\t\t\t<div class=\"mkdf-ig-image mkdf-item-space\">\n\t\t\t\t<div class=\"mkdf-ig-image-inner\">\n\t\t\t\t\t\t\t\t\t\t\t<a itemprop=\"image\" class=\"mkdf-ig-lightbox\" href=\"https:\/\/www.falcadedolomiti.it\/wp-content\/uploads\/2021\/04\/Lach-dei-Negher-San-Pellegrino.jpg\" data-rel=\"prettyPhoto[image_gallery_pretty_photo-615]\" title=\"Lach-dei-Negher-San-Pellegrino\">\n\t\t\t\t\t\t\t\t\t\t\t<img loading=\"lazy\" decoding=\"async\" width=\"1000\" height=\"650\" src=\"https:\/\/www.falcadedolomiti.it\/wp-content\/uploads\/2021\/04\/Lach-dei-Negher-San-Pellegrino.jpg\" class=\"attachment-full size-full\" alt=\"\" srcset=\"https:\/\/www.falcadedolomiti.it\/wp-content\/uploads\/2021\/04\/Lach-dei-Negher-San-Pellegrino.jpg 1000w, https:\/\/www.falcadedolomiti.it\/wp-content\/uploads\/2021\/04\/Lach-dei-Negher-San-Pellegrino-300x195.jpg 300w, https:\/\/www.falcadedolomiti.it\/wp-content\/uploads\/2021\/04\/Lach-dei-Negher-San-Pellegrino-768x499.jpg 768w\" sizes=\"auto, (max-width: 1000px) 100vw, 1000px\" \/>\t\t\t\t\t\t\t\t\t\t\t<\/a>\n\t\t\t\t\t\t\t\t\t<\/div>\n\t\t\t<\/div>\n\t\t\t\t\t<div class=\"mkdf-ig-image mkdf-item-space\">\n\t\t\t\t<div class=\"mkdf-ig-image-inner\">\n\t\t\t\t\t\t\t\t\t\t\t<a itemprop=\"image\" class=\"mkdf-ig-lightbox\" href=\"https:\/\/www.falcadedolomiti.it\/wp-content\/uploads\/2021\/04\/Forcella-dei-Negher.jpg\" data-rel=\"prettyPhoto[image_gallery_pretty_photo-615]\" title=\"Forcella-dei-Negher\">\n\t\t\t\t\t\t\t\t\t\t\t<img loading=\"lazy\" decoding=\"async\" width=\"1000\" height=\"650\" src=\"https:\/\/www.falcadedolomiti.it\/wp-content\/uploads\/2021\/04\/Forcella-dei-Negher.jpg\" class=\"attachment-full size-full\" alt=\"\" srcset=\"https:\/\/www.falcadedolomiti.it\/wp-content\/uploads\/2021\/04\/Forcella-dei-Negher.jpg 1000w, https:\/\/www.falcadedolomiti.it\/wp-content\/uploads\/2021\/04\/Forcella-dei-Negher-300x195.jpg 300w, https:\/\/www.falcadedolomiti.it\/wp-content\/uploads\/2021\/04\/Forcella-dei-Negher-768x499.jpg 768w\" sizes=\"auto, (max-width: 1000px) 100vw, 1000px\" \/>\t\t\t\t\t\t\t\t\t\t\t<\/a>\n\t\t\t\t\t\t\t\t\t<\/div>\n\t\t\t<\/div>\n\t\t\t<\/div>\n<\/div>[\/vc_column][\/vc_row][vc_row css=&#8221;.vc_custom_1602666182136{padding-bottom: 50px !important;}&#8221;][vc_column][vc_column_text]<\/p>\n<h5>STAGE 6:\u00a0 SASSO BIANCO REFUGE &#8211; SAN SIMON<\/h5>\n<p>[\/vc_column_text][vc_column_text css=&#8221;.vc_custom_1651667653479{padding-top: 15px !important;}&#8221;]Reachable along the easy Italian Alpine Club path no. 623, and heading downwards, with the NW wall of Monte Civetta remaining opposite, in the direction of the villages of Cost\u00f3ia and Canac\u00e9de, in the municipality of San Tomaso, you will come to the <strong>Forcella di San Tomaso<\/strong> saddle (1367 m). Walk through the Pi\u00e0ne woods to the end of this itinerary: the <strong>Church of San Sim\u00f3n<\/strong>, in the municipality of Vallada.<br \/>\nSan Sim\u00f3n, built around the 10th century, is the <strong>oldest church in the Alto Agordino area<\/strong>.<br \/>\nThe <strong>frescoes by Paris Bordon<\/strong> and the splendid architecture make the church especially interesting to art lovers.[\/vc_column_text][vc_empty_space][vc_tta_tabs style=&#8221;modern&#8221; shape=&#8221;square&#8221; color=&#8221;white&#8221; active_section=&#8221;1&#8243; el_class=&#8221;custom-icon&#8221;][vc_tta_section i_type=&#8221;typicons&#8221; i_icon_typicons=&#8221;typcn typcn-time&#8221; add_icon=&#8221;true&#8221; title=&#8221;Departure&#8221; tab_id=&#8221;1621516957428-328f90d8-d2df&#8221;][vc_column_text]<\/p>\n<p class=\"p1\">Sasso Bianco Refuge<\/p>\n<p>[\/vc_column_text][\/vc_tta_section][vc_tta_section i_type=&#8221;typicons&#8221; i_icon_typicons=&#8221;typcn typcn-time&#8221; add_icon=&#8221;true&#8221; title=&#8221;Arrival&#8221; tab_id=&#8221;1621517954815-f2b273bc-383b&#8221;][vc_column_text]<\/p>\n<p class=\"p1\">\u00a0S. Simon Church &#8211;\u00a0 Vallada Agordina<\/p>\n<p>[\/vc_column_text][\/vc_tta_section][vc_tta_section i_type=&#8221;typicons&#8221; i_icon_typicons=&#8221;typcn typcn-time&#8221; add_icon=&#8221;true&#8221; title=&#8221;Time required&#8221; tab_id=&#8221;1621517953551-90d3a17e-7011&#8243;][vc_column_text]<\/p>\n<p class=\"p1\">5-6 hours<\/p>\n<p>[\/vc_column_text][\/vc_tta_section][vc_tta_section i_type=&#8221;typicons&#8221; i_icon_typicons=&#8221;typcn typcn-chart-area-outline&#8221; add_icon=&#8221;true&#8221; title=&#8221;Recommended periods&#8221; tab_id=&#8221;1621516957804-d95fb083-1524&#8243;][vc_column_text]<\/p>\n<p class=\"p1\">from May to September<\/p>\n<p>[\/vc_column_text][\/vc_tta_section][\/vc_tta_tabs][vc_empty_space]<div class=\"mkdf-image-gallery  mkdf-ig-grid-type mkdf-normal-space  mkdf-image-behavior-lightbox\">\n\t<div class=\"mkdf-ig-inner mkdf-outer-space mkdf-ig-grid mkdf-ig-three-columns\">\n\t\t\t\t\t<div class=\"mkdf-ig-image mkdf-item-space\">\n\t\t\t\t<div class=\"mkdf-ig-image-inner\">\n\t\t\t\t\t\t\t\t\t\t\t<a itemprop=\"image\" class=\"mkdf-ig-lightbox\" href=\"https:\/\/www.falcadedolomiti.it\/wp-content\/uploads\/2021\/04\/San-Simon-Vallada-1.jpg\" data-rel=\"prettyPhoto[image_gallery_pretty_photo-746]\" title=\"San-Simon-Vallada\">\n\t\t\t\t\t\t\t\t\t\t\t<img loading=\"lazy\" decoding=\"async\" width=\"1000\" height=\"650\" src=\"https:\/\/www.falcadedolomiti.it\/wp-content\/uploads\/2021\/04\/San-Simon-Vallada-1.jpg\" class=\"attachment-full size-full\" alt=\"\" srcset=\"https:\/\/www.falcadedolomiti.it\/wp-content\/uploads\/2021\/04\/San-Simon-Vallada-1.jpg 1000w, https:\/\/www.falcadedolomiti.it\/wp-content\/uploads\/2021\/04\/San-Simon-Vallada-1-300x195.jpg 300w, https:\/\/www.falcadedolomiti.it\/wp-content\/uploads\/2021\/04\/San-Simon-Vallada-1-768x499.jpg 768w\" sizes=\"auto, (max-width: 1000px) 100vw, 1000px\" \/>\t\t\t\t\t\t\t\t\t\t\t<\/a>\n\t\t\t\t\t\t\t\t\t<\/div>\n\t\t\t<\/div>\n\t\t\t<\/div>\n<\/div>[vc_empty_space][vc_empty_space][vc_column_text css=&#8221;.vc_custom_1651668135116{margin-top: -10px !important;}&#8221;]<\/p>\n<h4>TREKKING ITINERARIES &#8211; SAN PELLEGRINO AREA<\/h4>\n<p>[\/vc_column_text][vc_empty_space][vc_row_inner el_id=&#8221;cta-section-2&#8243; simple_background_color=&#8221;#B7B1B1&#8243;][vc_column_inner width=&#8221;2\/3&#8243;][vc_column_text]<\/p>\n<h3>Download the Summer Time San Pellegrino&#8217;s brochure<\/h3>\n<p>Discover all the trekking itineraries in the San Pellegrino area, which can be tackled on foot or with the help of the lift facilities[\/vc_column_text][\/vc_column_inner][vc_column_inner width=&#8221;1\/3&#8243;]<a itemprop=\"url\" href=\"https:\/\/www.falcadedolomiti.it\/wp-content\/uploads\/2018\/03\/MAPPA-TREKKING-2021-DEF.pdf\" target=\"_blank\" style=\"color: #1c1c1c;background-color: #EF7983;font-size: 14px;font-weight: 700\" class=\"mkdf-btn mkdf-btn-medium mkdf-btn-solid mkdf-btn-custom-hover-bg mkdf-btn-custom-hover-color\" data-hover-color=\"rgba(255,255,255,0.8)\" data-hover-bg-color=\"#EF7983\" >\n    <span class=\"mkdf-btn-text\">Download now<\/span>\n    <\/a>[\/vc_column_inner][\/vc_row_inner][vc_empty_space][\/vc_column][\/vc_row][vc_row css=&#8221;.vc_custom_1602667400344{padding-bottom: 36px !important;}&#8221;][vc_column][vc_column_text]<\/p>\n<h4>ITINERARI TREKKING &#8211; AREA PALE DI SAN MARTINO<\/h4>\n<p>[\/vc_column_text][\/vc_column][\/vc_row][vc_row css=&#8221;.vc_custom_1602666182136{padding-bottom: 50px !important;}&#8221;][vc_column][vc_column_text]<\/p>\n<h5>Itinerary 1\u2013 TO THE G. VOLPI AL MULAZ REFUGE<\/h5>\n<p>There are three departure points to reach the Refuge.[\/vc_column_text][vc_column_text]<\/p>\n<h6><strong>First departure point &#8211; Falcade<\/strong><\/h6>\n<p>[\/vc_column_text][vc_column_text css=&#8221;.vc_custom_1653236276785{padding-top: 15px !important;}&#8221;]From Falcade, near the <strong>Eden Campsite<\/strong> in Molino. From Molino, leave your car and cross the<strong> Focobon Stream<\/strong>\u00a0(on the road that leads to the Eden Campsite) and go up along a woodland road that starts out at the end of the asphalt road. Towards the end of the road, on the left, you will see the trail sign no. 722, on which it says: \u201cRifugio Mulaz\u201c. The path climbs up through the woods along the <strong>Focobon Valley<\/strong>, with some steep stretches, to\u00a0<strong>Casera Focobon<\/strong>\u00a0(1894 m). Turn left here and cross the stream, continuing on up past the foot of the <strong>Cime del Focobon<\/strong>.\u00a0This last stretch of the path is the most challenging, because it is almost all across rock. Go up around the Sasso Arduini\u00a0until you come to the front moraine of the Focobon glacier, from where you can see the <strong>G. Volpi al Mulaz\u00a0Refuge<\/strong> (2571 m), managed by the alpine guide Sebastiano Zagonel and reachable from here in a further 30 minutes.<br \/>\nOnce you reach the refuge, it\u2019s worth making a final effort of about 45 minutes to continue on to the Mulaz peak, where you can ring the bell.<br \/>\nThe views in all directions from the peak stretch from the Rhaetian Alps to the Austrian Alps and the highest peaks in the Dolomites: from the Marmolada\u00a0to the\u00a0<strong>Tre Cime di Lavaredo<\/strong>,<strong>\u00a0Conturines<\/strong>,\u00a0<strong>Civetta<\/strong>,<strong>\u00a0Pelmo <\/strong>and<strong> Sassolungo<\/strong>.[\/vc_column_text][vc_empty_space][vc_tta_tabs style=&#8221;modern&#8221; shape=&#8221;square&#8221; color=&#8221;white&#8221; active_section=&#8221;1&#8243; el_class=&#8221;custom-icon&#8221;][vc_tta_section i_type=&#8221;typicons&#8221; i_icon_typicons=&#8221;typcn typcn-chart-line-outline&#8221; add_icon=&#8221;true&#8221; title=&#8221;Departure&#8221; tab_id=&#8221;1602666458804-a3befdb4-71224293-7a835af5-370c&#8221;][vc_column_text]<\/p>\n<p class=\"p1\">Molino &#8211; FALCADE 1200m<\/p>\n<p>[\/vc_column_text][\/vc_tta_section][vc_tta_section i_type=&#8221;typicons&#8221; i_icon_typicons=&#8221;typcn typcn-chart-line-outline&#8221; add_icon=&#8221;true&#8221; title=&#8221;Arrival&#8221; tab_id=&#8221;1602666553653-f66d7ea8-e87d4293-7a835af5-370c&#8221;][vc_column_text]G. Volpi al Mulaz\u00a0Refuge &#8211; 2571m[\/vc_column_text][\/vc_tta_section][vc_tta_section i_type=&#8221;typicons&#8221; i_icon_typicons=&#8221;typcn typcn-time&#8221; add_icon=&#8221;true&#8221; title=&#8221;Walking time uphill&#8221; tab_id=&#8221;1602666458841-64987c4b-cbf94293-7a835af5-370c&#8221;][vc_column_text]<\/p>\n<p class=\"p1\">About 4 hours one way<\/p>\n<p>[\/vc_column_text][\/vc_tta_section][vc_tta_section i_type=&#8221;typicons&#8221; i_icon_typicons=&#8221;typcn typcn-chart-area-outline&#8221; add_icon=&#8221;true&#8221; title=&#8221;Difficulty&#8221; tab_id=&#8221;1602666458877-6664fe0d-343e4293-7a835af5-370c&#8221;][vc_column_text]<\/p>\n<p class=\"p1\">Difficult<\/p>\n<p>[\/vc_column_text][\/vc_tta_section][vc_tta_section i_type=&#8221;typicons&#8221; i_icon_typicons=&#8221;typcn typcn-compass&#8221; add_icon=&#8221;true&#8221; title=&#8221;Altitude&#8221; tab_id=&#8221;1602666458915-7c06f648-cb444293-7a835af5-370c&#8221;][vc_column_text]<\/p>\n<p class=\"p1\">2571 m<\/p>\n<p>[\/vc_column_text][\/vc_tta_section][\/vc_tta_tabs][vc_empty_space]<div class=\"mkdf-image-gallery  mkdf-ig-grid-type mkdf-normal-space  mkdf-image-behavior-lightbox\">\n\t<div class=\"mkdf-ig-inner mkdf-outer-space mkdf-ig-grid mkdf-ig-three-columns\">\n\t\t\t\t\t<div class=\"mkdf-ig-image mkdf-item-space\">\n\t\t\t\t<div class=\"mkdf-ig-image-inner\">\n\t\t\t\t\t\t\t\t\t\t\t<a itemprop=\"image\" class=\"mkdf-ig-lightbox\" href=\"https:\/\/www.falcadedolomiti.it\/wp-content\/uploads\/2021\/04\/Val-del-Focobon.jpg\" data-rel=\"prettyPhoto[image_gallery_pretty_photo-235]\" title=\"Val-del-Focobon\">\n\t\t\t\t\t\t\t\t\t\t\t<img loading=\"lazy\" decoding=\"async\" width=\"1000\" height=\"650\" src=\"https:\/\/www.falcadedolomiti.it\/wp-content\/uploads\/2021\/04\/Val-del-Focobon.jpg\" class=\"attachment-full size-full\" alt=\"\" srcset=\"https:\/\/www.falcadedolomiti.it\/wp-content\/uploads\/2021\/04\/Val-del-Focobon.jpg 1000w, https:\/\/www.falcadedolomiti.it\/wp-content\/uploads\/2021\/04\/Val-del-Focobon-300x195.jpg 300w, https:\/\/www.falcadedolomiti.it\/wp-content\/uploads\/2021\/04\/Val-del-Focobon-768x499.jpg 768w\" sizes=\"auto, (max-width: 1000px) 100vw, 1000px\" \/>\t\t\t\t\t\t\t\t\t\t\t<\/a>\n\t\t\t\t\t\t\t\t\t<\/div>\n\t\t\t<\/div>\n\t\t\t<\/div>\n<\/div>[\/vc_column][\/vc_row][vc_row css=&#8221;.vc_custom_1602666182136{padding-bottom: 50px !important;}&#8221;][vc_column][vc_column_text]<\/p>\n<h6>Second departure point \u2013 Valles Pass<\/h6>\n<p>[\/vc_column_text][vc_column_text css=&#8221;.vc_custom_1653236745494{padding-top: 15px !important;}&#8221;]From the <strong>Valles Pass<\/strong> (2032 m). Leave your car in the parking area and head towards path no. 751. It will take you about 40 minutes, along a mainly upward route, to reach the\u00a0Forcella Venegia saddle. From here, pastureland and mountain grassland will take you to the<strong> Fochet Pass<\/strong>, across a last exposed stretch of path equipped with a steel wire for optional assistance. From this large, sunny expanse of grassland dotted with flowers, path no. 751 now moves on to rock and crosses an exposed rocky ridge protected by a metal rope for a stretch of approx. 50 m. From here, the path zigzags up to the <strong>G. Volpi al Mulaz\u00a0Refuge<\/strong> (2571 m) and on to the arrival point of Cima Mulaz.[\/vc_column_text][vc_empty_space][vc_tta_tabs style=&#8221;modern&#8221; shape=&#8221;square&#8221; color=&#8221;white&#8221; active_section=&#8221;1&#8243;][vc_tta_section i_type=&#8221;typicons&#8221; i_icon_typicons=&#8221;typcn typcn-chart-line-outline&#8221; add_icon=&#8221;true&#8221; title=&#8221;Departure&#8221; tab_id=&#8221;1602667244981-16f6c236-a90a4293-7a835af5-370c&#8221;][vc_column_text]<\/p>\n<p class=\"p1\">\u00a0Valles Pass 2032 m<\/p>\n<p>[\/vc_column_text][\/vc_tta_section][vc_tta_section i_type=&#8221;typicons&#8221; i_icon_typicons=&#8221;typcn typcn-compass&#8221; add_icon=&#8221;true&#8221; title=&#8221;Arrival&#8221; tab_id=&#8221;1602667245116-875a2e50-737f4293-7a835af5-370c&#8221;][vc_column_text]<\/p>\n<p class=\"p1\">Rifugio Volpi al Mulaz 2571 m<\/p>\n<p>[\/vc_column_text][\/vc_tta_section][vc_tta_section i_type=&#8221;typicons&#8221; i_icon_typicons=&#8221;typcn typcn-time&#8221; add_icon=&#8221;true&#8221; title=&#8221;Walking time uphill&#8221; tab_id=&#8221;1602667245023-a97359ea-47544293-7a835af5-370c&#8221;][vc_column_text]<\/p>\n<p class=\"p1\">About 4 hours (one way)<\/p>\n<p>[\/vc_column_text][\/vc_tta_section][vc_tta_section i_type=&#8221;typicons&#8221; i_icon_typicons=&#8221;typcn typcn-chart-area-outline&#8221; add_icon=&#8221;true&#8221; title=&#8221;Difficulty&#8221; tab_id=&#8221;1602667245071-61e78ac6-dc084293-7a835af5-370c&#8221;][vc_column_text]<\/p>\n<p class=\"p1\">Medium\/difficult<\/p>\n<p>[\/vc_column_text][\/vc_tta_section][\/vc_tta_tabs][vc_empty_space]<div class=\"mkdf-image-gallery  mkdf-ig-grid-type mkdf-normal-space  mkdf-image-behavior-lightbox\">\n\t<div class=\"mkdf-ig-inner mkdf-outer-space mkdf-ig-grid mkdf-ig-three-columns\">\n\t\t\t\t\t<div class=\"mkdf-ig-image mkdf-item-space\">\n\t\t\t\t<div class=\"mkdf-ig-image-inner\">\n\t\t\t\t\t\t\t\t\t\t\t<a itemprop=\"image\" class=\"mkdf-ig-lightbox\" href=\"https:\/\/www.falcadedolomiti.it\/wp-content\/uploads\/2021\/04\/col-mont-forcella-Negher.jpg\" data-rel=\"prettyPhoto[image_gallery_pretty_photo-998]\" title=\"col-mont-forcella-Negher\">\n\t\t\t\t\t\t\t\t\t\t\t<img loading=\"lazy\" decoding=\"async\" width=\"1000\" height=\"650\" src=\"https:\/\/www.falcadedolomiti.it\/wp-content\/uploads\/2021\/04\/col-mont-forcella-Negher.jpg\" class=\"attachment-full size-full\" alt=\"\" srcset=\"https:\/\/www.falcadedolomiti.it\/wp-content\/uploads\/2021\/04\/col-mont-forcella-Negher.jpg 1000w, https:\/\/www.falcadedolomiti.it\/wp-content\/uploads\/2021\/04\/col-mont-forcella-Negher-300x195.jpg 300w, https:\/\/www.falcadedolomiti.it\/wp-content\/uploads\/2021\/04\/col-mont-forcella-Negher-768x499.jpg 768w\" sizes=\"auto, (max-width: 1000px) 100vw, 1000px\" \/>\t\t\t\t\t\t\t\t\t\t\t<\/a>\n\t\t\t\t\t\t\t\t\t<\/div>\n\t\t\t<\/div>\n\t\t\t<\/div>\n<\/div>[\/vc_column][\/vc_row][vc_row css=&#8221;.vc_custom_1602666182136{padding-bottom: 50px !important;}&#8221;][vc_column][vc_column_text]<\/p>\n<h6>Third departure point \u2013 Val Venegia<\/h6>\n<p>[\/vc_column_text][vc_column_text css=&#8221;.vc_custom_1653237570590{padding-top: 15px !important;}&#8221;]After you reach\u00a0<strong>Pian dei Casoni<\/strong>\u00a0across the\u00a0<strong>Valles Pass<\/strong>, go through the tollbooth that leads into the <strong>Paneveggio\/Pale di San Martino Natural Park<\/strong>. Park near <strong>Malga Venegia<\/strong>\u00a0and walk along a forest road past the Malga Venegiotta alpine hut\u00a0(1830 m). After about 400 m, turn left and take the path for the Mulaz Refuge. This well beaten and not particularly exposed path is very steep, but with a regular incline, and further on moves onto rock and gravel. From the Mulaz Pass,\u00a0at an altitude of 2619 m, a rapid descent leads to the\u00a0<strong>G. Volpi al Mulaz\u00a0Refuge<\/strong> (2571 m) and continues towards the <strong>Cima Mulaz peak<\/strong> (2906 metres), where you can finally have a rest and enjoy the fabulous views of the mountaintops..[\/vc_column_text][vc_empty_space][vc_tta_tabs style=&#8221;modern&#8221; shape=&#8221;square&#8221; color=&#8221;white&#8221; active_section=&#8221;1&#8243;][vc_tta_section i_type=&#8221;typicons&#8221; i_icon_typicons=&#8221;typcn typcn-chart-line-outline&#8221; add_icon=&#8221;true&#8221; title=&#8221;Departure&#8221; tab_id=&#8221;1616952877196-b760d27c-1b86&#8243;][vc_column_text]<\/p>\n<p class=\"p1\">Malga Venegia 1778 m<\/p>\n<p>[\/vc_column_text][\/vc_tta_section][vc_tta_section i_type=&#8221;typicons&#8221; i_icon_typicons=&#8221;typcn typcn-compass&#8221; add_icon=&#8221;true&#8221; title=&#8221;Arrival&#8221; tab_id=&#8221;1616952877401-f8fa7928-0687&#8243;][vc_column_text]<\/p>\n<p class=\"p1\">G. Volpi al Mulaz\u00a0Refuge 2571 m<\/p>\n<p>[\/vc_column_text][\/vc_tta_section][vc_tta_section i_type=&#8221;typicons&#8221; i_icon_typicons=&#8221;typcn typcn-time&#8221; add_icon=&#8221;true&#8221; title=&#8221;Walking time uphill&#8221; tab_id=&#8221;1616952877622-fbc0f625-609a&#8221;][vc_column_text]<\/p>\n<p class=\"p1\">About 4 hours (one way)<\/p>\n<p>[\/vc_column_text][\/vc_tta_section][vc_tta_section i_type=&#8221;typicons&#8221; i_icon_typicons=&#8221;typcn typcn-chart-area-outline&#8221; add_icon=&#8221;true&#8221; title=&#8221;Difficulty&#8221; tab_id=&#8221;1616952877827-17ba5e09-62a8&#8243;][vc_column_text]<\/p>\n<p class=\"p1\">Medium\/Difficult<\/p>\n<p>[\/vc_column_text][\/vc_tta_section][\/vc_tta_tabs][vc_empty_space]<div class=\"mkdf-image-gallery  mkdf-ig-grid-type mkdf-normal-space  mkdf-image-behavior-lightbox\">\n\t<div class=\"mkdf-ig-inner mkdf-outer-space mkdf-ig-grid mkdf-ig-three-columns\">\n\t\t\t\t\t<div class=\"mkdf-ig-image mkdf-item-space\">\n\t\t\t\t<div class=\"mkdf-ig-image-inner\">\n\t\t\t\t\t\t\t\t\t\t\t<a itemprop=\"image\" class=\"mkdf-ig-lightbox\" href=\"https:\/\/www.falcadedolomiti.it\/wp-content\/uploads\/2021\/04\/Alba-sul-Monte-Mulaz_ANDREAGRIGOLO.jpg\" data-rel=\"prettyPhoto[image_gallery_pretty_photo-816]\" title=\"Alba-sul-Monte-Mulaz_ANDREAGRIGOLO\">\n\t\t\t\t\t\t\t\t\t\t\t<img loading=\"lazy\" decoding=\"async\" width=\"1000\" height=\"650\" src=\"https:\/\/www.falcadedolomiti.it\/wp-content\/uploads\/2021\/04\/Alba-sul-Monte-Mulaz_ANDREAGRIGOLO.jpg\" class=\"attachment-full size-full\" alt=\"\" srcset=\"https:\/\/www.falcadedolomiti.it\/wp-content\/uploads\/2021\/04\/Alba-sul-Monte-Mulaz_ANDREAGRIGOLO.jpg 1000w, https:\/\/www.falcadedolomiti.it\/wp-content\/uploads\/2021\/04\/Alba-sul-Monte-Mulaz_ANDREAGRIGOLO-300x195.jpg 300w, https:\/\/www.falcadedolomiti.it\/wp-content\/uploads\/2021\/04\/Alba-sul-Monte-Mulaz_ANDREAGRIGOLO-768x499.jpg 768w\" sizes=\"auto, (max-width: 1000px) 100vw, 1000px\" \/>\t\t\t\t\t\t\t\t\t\t\t<\/a>\n\t\t\t\t\t\t\t\t\t<\/div>\n\t\t\t<\/div>\n\t\t\t<\/div>\n<\/div>[\/vc_column][\/vc_row][vc_row css=&#8221;.vc_custom_1602666182136{padding-bottom: 50px !important;}&#8221;][vc_column][vc_column_text]<\/p>\n<h5>Itinerary 2 \u2013 VAL DI GARES \u2013 PEDROTTI ALLA ROSETTA REFUGE \u2013 CASERA CAMPIGAT<\/h5>\n<p>[\/vc_column_text][vc_column_text css=&#8221;.vc_custom_1653237940795{padding-top: 15px !important;}&#8221;]From the <strong>Cima Comelle\u00a0<\/strong>parking area (1333 m), follow path no. 704 to the waterfalls. Cross the<strong> Comelle\u00a0canyon<\/strong>, along an exposed stretch that requires great care, and cross the <strong>Comelle valley<\/strong>, climbing gradually up to the Altopiani del Rosetta\u00a0plateau (over 2300 m), walking over the bare rock to the <strong>Pedrotti Refuge<\/strong>, at an altitude of 2581 m. Here, you can enjoy some spectacular, wide-open, Dolomite views of the <strong>Pale di San Martino<\/strong> area. You can go back along the same path, or along path no. 761 that crosses Antermarucol, past Casera Campig\u00e0t,\u00a0and leads to the <strong>Forcella Cesurette saddle<\/strong>; if you choose this route, there is an exposed stretch that requires particular attention. Continue down path no. 756, which proceeds in a zigzag and requires maximum attention: the ground is slippery because of the limited exposure to the sun. In about an hour, the path leads back to the <strong>Cima Comelle<\/strong> parking area.[\/vc_column_text][vc_empty_space][vc_tta_tabs style=&#8221;modern&#8221; shape=&#8221;square&#8221; color=&#8221;white&#8221; active_section=&#8221;1&#8243; el_class=&#8221;custom-icon&#8221;][vc_tta_section i_type=&#8221;typicons&#8221; i_icon_typicons=&#8221;typcn typcn-chart-line-outline&#8221; add_icon=&#8221;true&#8221; title=&#8221;Departure&#8221; tab_id=&#8221;1616953960920-385e69aa-b5d4&#8243;][vc_column_text]<\/p>\n<p class=\"p1\">\u00a0Cima Comelle park 1332m<\/p>\n<p>[\/vc_column_text][\/vc_tta_section][vc_tta_section i_type=&#8221;typicons&#8221; i_icon_typicons=&#8221;typcn typcn-chart-line-outline&#8221; add_icon=&#8221;true&#8221; title=&#8221;Arrival&#8221; tab_id=&#8221;1616953961045-628ecfae-7ae5&#8243;][vc_column_text]<\/p>\n<p class=\"p1\">Rosetta Refuge 2680m<\/p>\n<p>[\/vc_column_text][\/vc_tta_section][vc_tta_section i_type=&#8221;typicons&#8221; i_icon_typicons=&#8221;typcn typcn-time&#8221; add_icon=&#8221;true&#8221; title=&#8221;Walking time&#8221; tab_id=&#8221;1616953961180-71ae2e06-662d&#8221;][vc_column_text]<\/p>\n<p class=\"p1\">Full day round trip<\/p>\n<p>[\/vc_column_text][\/vc_tta_section][vc_tta_section i_type=&#8221;typicons&#8221; i_icon_typicons=&#8221;typcn typcn-chart-area-outline&#8221; add_icon=&#8221;true&#8221; title=&#8221;Difficulty&#8221; tab_id=&#8221;1616953961314-40b27fa3-0104&#8243;][vc_column_text]<\/p>\n<p class=\"p1\">Difficile<\/p>\n<p>[\/vc_column_text][\/vc_tta_section][\/vc_tta_tabs][vc_empty_space]<div class=\"mkdf-image-gallery  mkdf-ig-grid-type mkdf-normal-space  mkdf-image-behavior-lightbox\">\n\t<div class=\"mkdf-ig-inner mkdf-outer-space mkdf-ig-grid mkdf-ig-three-columns\">\n\t\t\t\t\t<div class=\"mkdf-ig-image mkdf-item-space\">\n\t\t\t\t<div class=\"mkdf-ig-image-inner\">\n\t\t\t\t\t\t\t\t\t\t\t<a itemprop=\"image\" class=\"mkdf-ig-lightbox\" href=\"https:\/\/www.falcadedolomiti.it\/wp-content\/uploads\/2021\/04\/Cascata-Comelle.jpg\" data-rel=\"prettyPhoto[image_gallery_pretty_photo-478]\" title=\"Cascata-Comelle\">\n\t\t\t\t\t\t\t\t\t\t\t<img loading=\"lazy\" decoding=\"async\" width=\"1000\" height=\"650\" src=\"https:\/\/www.falcadedolomiti.it\/wp-content\/uploads\/2021\/04\/Cascata-Comelle.jpg\" class=\"attachment-full size-full\" alt=\"\" srcset=\"https:\/\/www.falcadedolomiti.it\/wp-content\/uploads\/2021\/04\/Cascata-Comelle.jpg 1000w, https:\/\/www.falcadedolomiti.it\/wp-content\/uploads\/2021\/04\/Cascata-Comelle-300x195.jpg 300w, https:\/\/www.falcadedolomiti.it\/wp-content\/uploads\/2021\/04\/Cascata-Comelle-768x499.jpg 768w\" sizes=\"auto, (max-width: 1000px) 100vw, 1000px\" \/>\t\t\t\t\t\t\t\t\t\t\t<\/a>\n\t\t\t\t\t\t\t\t\t<\/div>\n\t\t\t<\/div>\n\t\t\t<\/div>\n<\/div>[\/vc_column][\/vc_row][vc_row css=&#8221;.vc_custom_1602667400344{padding-bottom: 36px !important;}&#8221;][vc_column][vc_column_text]<\/p>\n<h4>TREKKING ITINERARIES IN THE MARMOLADA AREA<\/h4>\n<p>[\/vc_column_text][\/vc_column][\/vc_row][vc_row css=&#8221;.vc_custom_1602666182136{padding-bottom: 50px !important;}&#8221;][vc_column][vc_column_text]<\/p>\n<h5>Itinerary 1 \u2013 SAN PELLEGRINO \u2013 FORCA ROSSA<\/h5>\n<p>[\/vc_column_text][vc_column_text css=&#8221;.vc_custom_1653238823336{padding-top: 15px !important;}&#8221;]This itinerary starts from the <strong>San Pellegrino Pass<\/strong>\u00a0(1908 m). Walk along the convenient forest road to the <strong>Fuciade Refuge<\/strong>. From here, follow path no. 694 across a sunny stretch of open pasture, where you can hear the whistling of the marmots and watch wild horses grazing. Head up along the path marked on the pasture to the Forca Rossa Pass, at an altitude of 2490 m, where you can enjoy an extraordinary wide-open view across the valley below and the eastern part of the Dolomites. You can return along the same path, or if you have a car available, you could go down to the <strong>Malga Ciapela alpine hut<\/strong>, or back into the <strong>Val del Biois \/ Falcade<\/strong> through the <strong>Col Becher Pass<\/strong>.[\/vc_column_text][vc_empty_space][vc_tta_tabs style=&#8221;modern&#8221; shape=&#8221;square&#8221; color=&#8221;white&#8221; active_section=&#8221;1&#8243; el_class=&#8221;custom-icon&#8221;][vc_tta_section i_type=&#8221;typicons&#8221; i_icon_typicons=&#8221;typcn typcn-chart-line-outline&#8221; add_icon=&#8221;true&#8221; title=&#8221;Departure&#8221; tab_id=&#8221;1616960326070-b476e2c7-152b&#8221;][vc_column_text]<\/p>\n<p class=\"p1\">\u00a0San Pellegrino Pass<\/p>\n<p>[\/vc_column_text][\/vc_tta_section][vc_tta_section i_type=&#8221;typicons&#8221; i_icon_typicons=&#8221;typcn typcn-chart-line-outline&#8221; add_icon=&#8221;true&#8221; title=&#8221;Arrival&#8221; tab_id=&#8221;1616960326247-4229df92-c96d&#8221;][vc_column_text]<\/p>\n<p class=\"p1\">Forca Rossa\/Falcade<\/p>\n<p>[\/vc_column_text][\/vc_tta_section][vc_tta_section i_type=&#8221;typicons&#8221; i_icon_typicons=&#8221;typcn typcn-time&#8221; add_icon=&#8221;true&#8221; title=&#8221;Walking time&#8221; tab_id=&#8221;1616960326451-362849e1-893f&#8221;][vc_column_text]<\/p>\n<p class=\"p1\">Full day<\/p>\n<p>[\/vc_column_text][\/vc_tta_section][vc_tta_section i_type=&#8221;typicons&#8221; i_icon_typicons=&#8221;typcn typcn-chart-area-outline&#8221; add_icon=&#8221;true&#8221; title=&#8221;Difficulty&#8221; tab_id=&#8221;1616960326666-48f937c9-f4de&#8221;][vc_column_text]<\/p>\n<p class=\"p1\">Medium<\/p>\n<p>[\/vc_column_text][\/vc_tta_section][\/vc_tta_tabs][vc_empty_space]<div class=\"mkdf-image-gallery  mkdf-ig-grid-type mkdf-normal-space  mkdf-image-behavior-lightbox\">\n\t<div class=\"mkdf-ig-inner mkdf-outer-space mkdf-ig-grid mkdf-ig-three-columns\">\n\t\t\t\t\t<div class=\"mkdf-ig-image mkdf-item-space\">\n\t\t\t\t<div class=\"mkdf-ig-image-inner\">\n\t\t\t\t\t\t\t\t\t\t\t<a itemprop=\"image\" class=\"mkdf-ig-lightbox\" href=\"https:\/\/www.falcadedolomiti.it\/wp-content\/uploads\/2021\/04\/Forca-Rossa.jpg\" data-rel=\"prettyPhoto[image_gallery_pretty_photo-360]\" title=\"Forca-Rossa\">\n\t\t\t\t\t\t\t\t\t\t\t<img loading=\"lazy\" decoding=\"async\" width=\"1000\" height=\"650\" src=\"https:\/\/www.falcadedolomiti.it\/wp-content\/uploads\/2021\/04\/Forca-Rossa.jpg\" class=\"attachment-full size-full\" alt=\"\" srcset=\"https:\/\/www.falcadedolomiti.it\/wp-content\/uploads\/2021\/04\/Forca-Rossa.jpg 1000w, https:\/\/www.falcadedolomiti.it\/wp-content\/uploads\/2021\/04\/Forca-Rossa-300x195.jpg 300w, https:\/\/www.falcadedolomiti.it\/wp-content\/uploads\/2021\/04\/Forca-Rossa-768x499.jpg 768w\" sizes=\"auto, (max-width: 1000px) 100vw, 1000px\" \/>\t\t\t\t\t\t\t\t\t\t\t<\/a>\n\t\t\t\t\t\t\t\t\t<\/div>\n\t\t\t<\/div>\n\t\t\t<\/div>\n<\/div>[\/vc_column][\/vc_row][vc_row css=&#8221;.vc_custom_1602666182136{padding-bottom: 50px !important;}&#8221;][vc_column][vc_column_text]<\/p>\n<h5>Itinerary 2 \u2013 COLMEAN \u2013 BAITA DEI CACCIATORI<\/h5>\n<p>[\/vc_column_text][vc_column_text css=&#8221;.vc_custom_1653239532669{padding-top: 15px !important;}&#8221;]The itinerary begins from the village of <strong>Colmean<\/strong>, near Feder,\u00a0at an altitude of 1300 m, and heads in the direction of the <strong>Baita dei Cacciatori mountain hut<\/strong>.<br \/>\nThe first part runs along an evenly sloping forest road, with some challenging stretches.<br \/>\nAt the end of the cart road, a path begins, near a cableway, that leads to the Baita dei Cacciatori mountain hut, at an altitude of 1746 m (the hut is officially closed to the public). From here, a further little 30-minute effort will take you to the <strong>Papa Giovanni Paolo I\u00a0bivouac at\u00a0Pian de Pavier<\/strong>\u00a0(1865 m), a typical open mountain hut.<br \/>\nThese two mountain huts are located under the wall of the <strong>Cime d\u2019Auta<\/strong>.[\/vc_column_text][vc_empty_space][vc_tta_tabs style=&#8221;modern&#8221; shape=&#8221;square&#8221; color=&#8221;white&#8221; active_section=&#8221;1&#8243; el_class=&#8221;custom-icon&#8221;][vc_tta_section i_type=&#8221;typicons&#8221; i_icon_typicons=&#8221;typcn typcn-chart-line-outline&#8221; add_icon=&#8221;true&#8221; title=&#8221;Departure&#8221; tab_id=&#8221;1616960701659-c5a510a7-5ce7&#8243;][vc_column_text]<\/p>\n<p class=\"p1\">Colmean<\/p>\n<p>[\/vc_column_text][\/vc_tta_section][vc_tta_section i_type=&#8221;typicons&#8221; i_icon_typicons=&#8221;typcn typcn-chart-line-outline&#8221; add_icon=&#8221;true&#8221; title=&#8221;Arrival&#8221; tab_id=&#8221;1616960701904-dca78031-bf4d&#8221;][vc_column_text]<\/p>\n<p class=\"p1\">Baita dei Cacciatori<\/p>\n<p>[\/vc_column_text][\/vc_tta_section][vc_tta_section i_type=&#8221;typicons&#8221; i_icon_typicons=&#8221;typcn typcn-time&#8221; add_icon=&#8221;true&#8221; title=&#8221;Walking time&#8221; tab_id=&#8221;1616960702174-9c3b8b40-456d&#8221;][vc_column_text]<\/p>\n<p class=\"p1\">2 hours and half<\/p>\n<p>[\/vc_column_text][\/vc_tta_section][vc_tta_section i_type=&#8221;typicons&#8221; i_icon_typicons=&#8221;typcn typcn-chart-area-outline&#8221; add_icon=&#8221;true&#8221; title=&#8221;Difficulty&#8221; tab_id=&#8221;1616960702535-f96edf01-1045&#8243;][vc_column_text]<\/p>\n<p class=\"p1\">Medium<\/p>\n<p>[\/vc_column_text][\/vc_tta_section][\/vc_tta_tabs][vc_empty_space]<div class=\"mkdf-image-gallery  mkdf-ig-grid-type mkdf-normal-space  mkdf-image-behavior-lightbox\">\n\t<div class=\"mkdf-ig-inner mkdf-outer-space mkdf-ig-grid mkdf-ig-three-columns\">\n\t\t\t\t\t<div class=\"mkdf-ig-image mkdf-item-space\">\n\t\t\t\t<div class=\"mkdf-ig-image-inner\">\n\t\t\t\t\t\t\t\t\t\t\t<a itemprop=\"image\" class=\"mkdf-ig-lightbox\" href=\"https:\/\/www.falcadedolomiti.it\/wp-content\/uploads\/2021\/04\/Baita-dei-Cacciatori.jpg\" data-rel=\"prettyPhoto[image_gallery_pretty_photo-718]\" title=\"Baita-dei-Cacciatori\">\n\t\t\t\t\t\t\t\t\t\t\t<img loading=\"lazy\" decoding=\"async\" width=\"1000\" height=\"650\" src=\"https:\/\/www.falcadedolomiti.it\/wp-content\/uploads\/2021\/04\/Baita-dei-Cacciatori.jpg\" class=\"attachment-full size-full\" alt=\"\" srcset=\"https:\/\/www.falcadedolomiti.it\/wp-content\/uploads\/2021\/04\/Baita-dei-Cacciatori.jpg 1000w, https:\/\/www.falcadedolomiti.it\/wp-content\/uploads\/2021\/04\/Baita-dei-Cacciatori-300x195.jpg 300w, https:\/\/www.falcadedolomiti.it\/wp-content\/uploads\/2021\/04\/Baita-dei-Cacciatori-768x499.jpg 768w\" sizes=\"auto, (max-width: 1000px) 100vw, 1000px\" \/>\t\t\t\t\t\t\t\t\t\t\t<\/a>\n\t\t\t\t\t\t\t\t\t<\/div>\n\t\t\t<\/div>\n\t\t\t<\/div>\n<\/div>[\/vc_column][\/vc_row][vc_row css=&#8221;.vc_custom_1602666182136{padding-bottom: 50px !important;}&#8221;][vc_column][vc_column_text]<\/p>\n<h5><strong>Itinerary 3 \u2013 LAGAZZON REFUGE &#8211; FORCELLA DEI NEGHER SADDLE<\/strong><\/h5>\n<p>[\/vc_column_text][vc_column_text css=&#8221;.vc_custom_1653240970379{padding-top: 15px !important;}&#8221;]You can start the itinerary from the <strong>Lagazzon\u00a0Refuge<\/strong>, at an altitude of 1356 m, where you can leave your car. From here, follow woodland road no. 687 until you come to the Baita Col Mont\u00a0mountain hut (1854 m), in a particularly beautiful area with wide-open green spaces and views of <strong>Monte Civetta<\/strong>\u00a0on one side and the <strong>Pale di San Martino<\/strong>\u00a0on the other.<br \/>\nFrom here, a path leads all the way upwards, accompanied by splendid views, to the <strong>Forcella dei Negher<\/strong>\u00a0saddle, at an altitude of 2286 m, from which the view over the Val del Biois below will take your breath away. Before you make your way back, we suggest going down &#8211; it\u2019ll only take a few minutes &#8211; to the <strong>Lach dei Negher<\/strong>,\u00a0at an altitude of 2205 m, a lake of glacial origin with distinctive colours.[\/vc_column_text][vc_empty_space][vc_tta_tabs style=&#8221;modern&#8221; shape=&#8221;square&#8221; color=&#8221;white&#8221; active_section=&#8221;1&#8243; el_class=&#8221;custom-icon&#8221;][vc_tta_section i_type=&#8221;typicons&#8221; i_icon_typicons=&#8221;typcn typcn-chart-line-outline&#8221; add_icon=&#8221;true&#8221; title=&#8221;Departure&#8221; tab_id=&#8221;1616961037922-bef99061-4595&#8243;][vc_column_text]<\/p>\n<p class=\"p1\">Lagazzon Refuge<\/p>\n<p>[\/vc_column_text][\/vc_tta_section][vc_tta_section i_type=&#8221;typicons&#8221; i_icon_typicons=&#8221;typcn typcn-chart-line-outline&#8221; add_icon=&#8221;true&#8221; title=&#8221;Arrival&#8221; tab_id=&#8221;1616961038172-4cc707e2-a4b8&#8243;][vc_column_text]<\/p>\n<p class=\"p1\">Forcella and Lach dei Negher<\/p>\n<p>[\/vc_column_text][\/vc_tta_section][vc_tta_section i_type=&#8221;typicons&#8221; i_icon_typicons=&#8221;typcn typcn-time&#8221; add_icon=&#8221;true&#8221; title=&#8221;Walking time&#8221; tab_id=&#8221;1616961038412-1aded58f-8aa8&#8243;][vc_column_text]<\/p>\n<p class=\"p1\">2\/3 hours up to 1 day<\/p>\n<p>[\/vc_column_text][\/vc_tta_section][vc_tta_section i_type=&#8221;typicons&#8221; i_icon_typicons=&#8221;typcn typcn-chart-area-outline&#8221; add_icon=&#8221;true&#8221; title=&#8221;Difficulty&#8221; tab_id=&#8221;1616961038655-0d12a19b-a976&#8243;][vc_column_text]<\/p>\n<p class=\"p1\">Difficult<\/p>\n<p>[\/vc_column_text][\/vc_tta_section][\/vc_tta_tabs][vc_empty_space]<div class=\"mkdf-image-gallery  mkdf-ig-grid-type mkdf-normal-space  mkdf-image-behavior-lightbox\">\n\t<div class=\"mkdf-ig-inner mkdf-outer-space mkdf-ig-grid mkdf-ig-three-columns\">\n\t\t\t\t\t<div class=\"mkdf-ig-image mkdf-item-space\">\n\t\t\t\t<div class=\"mkdf-ig-image-inner\">\n\t\t\t\t\t\t\t\t\t\t\t<a itemprop=\"image\" class=\"mkdf-ig-lightbox\" href=\"https:\/\/www.falcadedolomiti.it\/wp-content\/uploads\/2021\/04\/La-Forcella-dei-Negher-1.jpg\" data-rel=\"prettyPhoto[image_gallery_pretty_photo-804]\" title=\"La-Forcella-dei-Negher\">\n\t\t\t\t\t\t\t\t\t\t\t<img loading=\"lazy\" decoding=\"async\" width=\"1000\" height=\"650\" src=\"https:\/\/www.falcadedolomiti.it\/wp-content\/uploads\/2021\/04\/La-Forcella-dei-Negher-1.jpg\" class=\"attachment-full size-full\" alt=\"\" srcset=\"https:\/\/www.falcadedolomiti.it\/wp-content\/uploads\/2021\/04\/La-Forcella-dei-Negher-1.jpg 1000w, https:\/\/www.falcadedolomiti.it\/wp-content\/uploads\/2021\/04\/La-Forcella-dei-Negher-1-300x195.jpg 300w, https:\/\/www.falcadedolomiti.it\/wp-content\/uploads\/2021\/04\/La-Forcella-dei-Negher-1-768x499.jpg 768w\" sizes=\"auto, (max-width: 1000px) 100vw, 1000px\" \/>\t\t\t\t\t\t\t\t\t\t\t<\/a>\n\t\t\t\t\t\t\t\t\t<\/div>\n\t\t\t<\/div>\n\t\t\t<\/div>\n<\/div>[\/vc_column][\/vc_row][vc_row css=&#8221;.vc_custom_1602666182136{padding-bottom: 50px !important;}&#8221;][vc_column][vc_column_text]<\/p>\n<h5>Itinerary 4 \u2013 VIVAIO PICCOLET \u2013 BAITA PIANEZZA MOUNTAIN HUT<\/h5>\n<p>[\/vc_column_text][vc_column_text css=&#8221;.vc_custom_1653241365217{padding-top: 15px !important;}&#8221;]Drive to <strong>Vivaio Picolet<\/strong> (1300 m), past the <strong>Forcella Lagazzon saddle<\/strong>. From here, go up along a steep forest road that runs through the woods, after which, near a spring, the road turns into a steep path until the end of the woods, from where you can get a first glimpse of the <strong>Baita Pianezza mountain hut<\/strong>, a bivouac belonging to the local council, at an altitude of 1665 m. Near the hut is a source of cool, fresh water. The braver among you may like to continue on towards the <strong>Forcella Pianezza\u00a0saddle<\/strong> (2044 m) and on in the direction of <strong>Sottoguda<\/strong>.[\/vc_column_text][vc_empty_space][vc_tta_tabs style=&#8221;modern&#8221; shape=&#8221;square&#8221; color=&#8221;white&#8221; active_section=&#8221;1&#8243; el_class=&#8221;custom-icon&#8221;][vc_tta_section i_type=&#8221;typicons&#8221; i_icon_typicons=&#8221;typcn typcn-chart-line-outline&#8221; add_icon=&#8221;true&#8221; title=&#8221;Departure&#8221; tab_id=&#8221;1616961354336-a2dfcdd7-7f8c&#8221;][vc_column_text]Vivaio Picolet- Vallada Agordina[\/vc_column_text][\/vc_tta_section][vc_tta_section i_type=&#8221;typicons&#8221; i_icon_typicons=&#8221;typcn typcn-chart-line-outline&#8221; add_icon=&#8221;true&#8221; title=&#8221;Arrival&#8221; tab_id=&#8221;1616961354657-728ade37-3016&#8243;][vc_column_text]<\/p>\n<p class=\"p1\">Baita Pianezza<\/p>\n<p>[\/vc_column_text][\/vc_tta_section][vc_tta_section i_type=&#8221;typicons&#8221; i_icon_typicons=&#8221;typcn typcn-time&#8221; add_icon=&#8221;true&#8221; title=&#8221;Walking time&#8221; tab_id=&#8221;1616961354909-909b41f0-aca8&#8243;][vc_column_text]<\/p>\n<p class=\"p1\">About 2 hours &#8211; half a day<\/p>\n<p>[\/vc_column_text][\/vc_tta_section][vc_tta_section i_type=&#8221;typicons&#8221; i_icon_typicons=&#8221;typcn typcn-chart-area-outline&#8221; add_icon=&#8221;true&#8221; title=&#8221;Difficulty&#8221; tab_id=&#8221;1616961355164-016c1aa2-0f66&#8243;][vc_column_text]<\/p>\n<p class=\"p1\">Medium (difficult for the slope)<\/p>\n<p>[\/vc_column_text][\/vc_tta_section][\/vc_tta_tabs][vc_empty_space]<div class=\"mkdf-image-gallery  mkdf-ig-grid-type mkdf-normal-space  mkdf-image-behavior-lightbox\">\n\t<div class=\"mkdf-ig-inner mkdf-outer-space mkdf-ig-grid mkdf-ig-three-columns\">\n\t\t\t\t\t<div class=\"mkdf-ig-image mkdf-item-space\">\n\t\t\t\t<div class=\"mkdf-ig-image-inner\">\n\t\t\t\t\t\t\t\t\t\t\t<a itemprop=\"image\" class=\"mkdf-ig-lightbox\" href=\"https:\/\/www.falcadedolomiti.it\/wp-content\/uploads\/2021\/04\/Forcella-Pianezza.jpg\" data-rel=\"prettyPhoto[image_gallery_pretty_photo-231]\" title=\"Forcella-Pianezza\">\n\t\t\t\t\t\t\t\t\t\t\t<img loading=\"lazy\" decoding=\"async\" width=\"1000\" height=\"650\" src=\"https:\/\/www.falcadedolomiti.it\/wp-content\/uploads\/2021\/04\/Forcella-Pianezza.jpg\" class=\"attachment-full size-full\" alt=\"\" srcset=\"https:\/\/www.falcadedolomiti.it\/wp-content\/uploads\/2021\/04\/Forcella-Pianezza.jpg 1000w, https:\/\/www.falcadedolomiti.it\/wp-content\/uploads\/2021\/04\/Forcella-Pianezza-300x195.jpg 300w, https:\/\/www.falcadedolomiti.it\/wp-content\/uploads\/2021\/04\/Forcella-Pianezza-768x499.jpg 768w\" sizes=\"auto, (max-width: 1000px) 100vw, 1000px\" \/>\t\t\t\t\t\t\t\t\t\t\t<\/a>\n\t\t\t\t\t\t\t\t\t<\/div>\n\t\t\t<\/div>\n\t\t\t<\/div>\n<\/div>[\/vc_column][\/vc_row][vc_row css=&#8221;.vc_custom_1602666182136{padding-bottom: 50px !important;}&#8221;][vc_column][vc_column_text]<\/p>\n<h5>Itinerary 5 \u2013 SELLE PASS<\/h5>\n<p>[\/vc_column_text][vc_column_text css=&#8221;.vc_custom_1653241914281{padding-top: 15px !important;}&#8221;]Leave your car at the <strong>San Pellegrino Pass<\/strong>\u00a0(1900 m), at the departure station of the <strong>Costabella chairlift<\/strong>.<br \/>\nTake trail sign no. 604 through a forest road that goes past the <strong>Paradiso Refuge<\/strong>.<br \/>\nThe road becomes a path and continues through pastures and fields, and you will gradually notice the <strong>Passo Selle Refuge<\/strong> in the distance (2530 m). Once you reach the refuge, we suggest you go and take a look at the <strong>WWI trenches<\/strong> of the Austro-Hungarian army nearby. On the way back, take a turn off to the right, passing by Sas del Musc\u00a0and the <strong>Campagnaccia\u00a0Lake<\/strong>, and go down a wartime mule track back again to the parking area. To end the day, we suggest crossing the road and visiting the typical little <strong>mountain lake of San Pellegrino<\/strong>.[\/vc_column_text][vc_empty_space][vc_tta_tabs style=&#8221;modern&#8221; shape=&#8221;square&#8221; color=&#8221;white&#8221; active_section=&#8221;1&#8243; el_class=&#8221;custom-icon&#8221;][vc_tta_section i_type=&#8221;typicons&#8221; i_icon_typicons=&#8221;typcn typcn-chart-line-outline&#8221; add_icon=&#8221;true&#8221; title=&#8221;Departure&#8221; tab_id=&#8221;1616961638744-de3a7be2-4608&#8243;][vc_column_text]Passo San Pellegrino[\/vc_column_text][\/vc_tta_section][vc_tta_section i_type=&#8221;typicons&#8221; i_icon_typicons=&#8221;typcn typcn-chart-line-outline&#8221; add_icon=&#8221;true&#8221; title=&#8221;Arrival&#8221; tab_id=&#8221;1616961638990-518ea2f8-964c&#8221;][vc_column_text]<\/p>\n<p class=\"p1\">\u00a0Passo Selle Refuge<\/p>\n<p>[\/vc_column_text][\/vc_tta_section][vc_tta_section i_type=&#8221;typicons&#8221; i_icon_typicons=&#8221;typcn typcn-time&#8221; add_icon=&#8221;true&#8221; title=&#8221;Walking time&#8221; tab_id=&#8221;1616961639379-a297a410-534d&#8221;][vc_column_text]<\/p>\n<p class=\"p1\">1 day<\/p>\n<p>[\/vc_column_text][\/vc_tta_section][vc_tta_section i_type=&#8221;typicons&#8221; i_icon_typicons=&#8221;typcn typcn-chart-area-outline&#8221; add_icon=&#8221;true&#8221; title=&#8221;Difficulty&#8221; tab_id=&#8221;1616961639739-937d498a-ed7e&#8221;][vc_column_text]<\/p>\n<p class=\"p1\">Medium<\/p>\n<p>[\/vc_column_text][\/vc_tta_section][\/vc_tta_tabs][vc_empty_space]<div class=\"mkdf-image-gallery  mkdf-ig-grid-type mkdf-normal-space  mkdf-image-behavior-lightbox\">\n\t<div class=\"mkdf-ig-inner mkdf-outer-space mkdf-ig-grid mkdf-ig-three-columns\">\n\t\t\t\t\t<div class=\"mkdf-ig-image mkdf-item-space\">\n\t\t\t\t<div class=\"mkdf-ig-image-inner\">\n\t\t\t\t\t\t\t\t\t\t\t<a itemprop=\"image\" class=\"mkdf-ig-lightbox\" href=\"https:\/\/www.falcadedolomiti.it\/wp-content\/uploads\/2021\/04\/itinerari-alta-quota-agordino.jpg\" data-rel=\"prettyPhoto[image_gallery_pretty_photo-399]\" title=\"itinerari alta quota agordino\">\n\t\t\t\t\t\t\t\t\t\t\t<img loading=\"lazy\" decoding=\"async\" width=\"1000\" height=\"650\" src=\"https:\/\/www.falcadedolomiti.it\/wp-content\/uploads\/2021\/04\/itinerari-alta-quota-agordino.jpg\" class=\"attachment-full size-full\" alt=\"\" srcset=\"https:\/\/www.falcadedolomiti.it\/wp-content\/uploads\/2021\/04\/itinerari-alta-quota-agordino.jpg 1000w, https:\/\/www.falcadedolomiti.it\/wp-content\/uploads\/2021\/04\/itinerari-alta-quota-agordino-300x195.jpg 300w, https:\/\/www.falcadedolomiti.it\/wp-content\/uploads\/2021\/04\/itinerari-alta-quota-agordino-768x499.jpg 768w\" sizes=\"auto, (max-width: 1000px) 100vw, 1000px\" \/>\t\t\t\t\t\t\t\t\t\t\t<\/a>\n\t\t\t\t\t\t\t\t\t<\/div>\n\t\t\t<\/div>\n\t\t\t<\/div>\n<\/div>[\/vc_column][\/vc_row][vc_row css=&#8221;.vc_custom_1602666182136{padding-bottom: 50px !important;}&#8221;][vc_column][vc_column_text]<\/p>\n<h5>Itinerary 6 \u2013 JURIBRUTTO ROUND-TRIP TREKKING ROUTE<\/h5>\n<p>[\/vc_column_text][vc_column_text]Start out\u00a0from the <strong>Malga Vallazza<\/strong>\u00a01935 m alpine hut (1 km after the <strong>Valles Pass<\/strong>), and continue along the wartime mule track no. 631 to the <strong>little<\/strong> <strong>Juribrutto Lake<\/strong>, at an altitude of 2206 m, one of the numerous little lakes of glacial origin in the area, with others including the Bocche,\u00a0<strong>Lusia<\/strong> and <strong>Bronton lakes<\/strong>.<br \/>\nFrom the<strong> Juribrutto Lake<\/strong>, take path no. 629 to <strong>Malga Juribrutto<\/strong> (1912 m), then make your way back to the <strong>Malga Vallazza<\/strong> alpine hut along the wartime mule track marked with trail sign no. 623.<br \/>\nThis route makes its way through the <strong>Paneveggio-Pale di San Martino\u00a0Natural Park<\/strong>, amid tall <strong>Cimbran pine trees<\/strong>, typical of high-altitude areas and soil of volcanic origin.[\/vc_column_text][vc_empty_space][vc_tta_tabs style=&#8221;modern&#8221; shape=&#8221;square&#8221; color=&#8221;white&#8221; active_section=&#8221;1&#8243; el_class=&#8221;custom-icon&#8221;][vc_tta_section i_type=&#8221;typicons&#8221; i_icon_typicons=&#8221;typcn typcn-chart-line-outline&#8221; add_icon=&#8221;true&#8221; title=&#8221;Departure&#8221; tab_id=&#8221;1616961938110-3f5acca1-417c&#8221;][vc_column_text]Malga Vallazza[\/vc_column_text][\/vc_tta_section][vc_tta_section i_type=&#8221;typicons&#8221; i_icon_typicons=&#8221;typcn typcn-chart-line-outline&#8221; add_icon=&#8221;true&#8221; title=&#8221;Arrival&#8221; tab_id=&#8221;1616961938436-e8364f66-cda4&#8243;][vc_column_text]<\/p>\n<p class=\"p1\">Little Juribrutto Lake<\/p>\n<p>[\/vc_column_text][\/vc_tta_section][vc_tta_section i_type=&#8221;typicons&#8221; i_icon_typicons=&#8221;typcn typcn-time&#8221; add_icon=&#8221;true&#8221; title=&#8221;Walking time&#8221; tab_id=&#8221;1616961938926-c903080a-8d18&#8243;][vc_column_text]<\/p>\n<p class=\"p1\">1 day<\/p>\n<p>[\/vc_column_text][\/vc_tta_section][vc_tta_section i_type=&#8221;typicons&#8221; i_icon_typicons=&#8221;typcn typcn-chart-area-outline&#8221; add_icon=&#8221;true&#8221; title=&#8221;Difficulty&#8221; tab_id=&#8221;1616961939190-9bd58404-69de&#8221;][vc_column_text]<\/p>\n<p class=\"p1\">Medium<\/p>\n<p>[\/vc_column_text][\/vc_tta_section][\/vc_tta_tabs][vc_empty_space]<div class=\"mkdf-image-gallery  mkdf-ig-grid-type mkdf-normal-space  mkdf-image-behavior-lightbox\">\n\t<div class=\"mkdf-ig-inner mkdf-outer-space mkdf-ig-grid mkdf-ig-three-columns\">\n\t\t\t\t\t<div class=\"mkdf-ig-image mkdf-item-space\">\n\t\t\t\t<div class=\"mkdf-ig-image-inner\">\n\t\t\t\t\t\t\t\t\t\t\t<a itemprop=\"image\" class=\"mkdf-ig-lightbox\" href=\"https:\/\/www.falcadedolomiti.it\/wp-content\/uploads\/2021\/04\/Trekking-alta-quota-1.jpg\" data-rel=\"prettyPhoto[image_gallery_pretty_photo-997]\" title=\"Trekking-alta-quota\">\n\t\t\t\t\t\t\t\t\t\t\t<img loading=\"lazy\" decoding=\"async\" width=\"1000\" height=\"650\" src=\"https:\/\/www.falcadedolomiti.it\/wp-content\/uploads\/2021\/04\/Trekking-alta-quota-1.jpg\" class=\"attachment-full size-full\" alt=\"\" srcset=\"https:\/\/www.falcadedolomiti.it\/wp-content\/uploads\/2021\/04\/Trekking-alta-quota-1.jpg 1000w, https:\/\/www.falcadedolomiti.it\/wp-content\/uploads\/2021\/04\/Trekking-alta-quota-1-300x195.jpg 300w, https:\/\/www.falcadedolomiti.it\/wp-content\/uploads\/2021\/04\/Trekking-alta-quota-1-768x499.jpg 768w\" sizes=\"auto, (max-width: 1000px) 100vw, 1000px\" \/>\t\t\t\t\t\t\t\t\t\t\t<\/a>\n\t\t\t\t\t\t\t\t\t<\/div>\n\t\t\t<\/div>\n\t\t\t<\/div>\n<\/div>[\/vc_column][\/vc_row]<\/p>\n<\/div>","protected":false},"excerpt":{"rendered":"<p>[vc_row css=&#8221;.vc_custom_1602667400344{padding-bottom: 36px !important;}&#8221;][vc_column][vc_column_text] WALKS AT ALTITUDE [\/vc_column_text][vc_empty_space][vc_empty_space][vc_column_text css=&#8221;.vc_custom_1651665639249{margin-top: -10px !important;}&#8221;] TREKKING ITINERARIES &#8211; ALTA VIA DEI PASTORI [\/vc_column_text][vc_column_text css=&#8221;.vc_custom_1651665960392{padding-top: 25px !important;}&#8221;]Established in 1982, thanks to an idea by Bepi Pellegrinon, this round-trip route offers breath-taking views, running amid the pastures and the mountain dairy huts of the Val del Biois, along the ancient shepherds\u2019 trails. The itinerary has recently been comprehensively revalued and extended by the Municipal Council of San Tomaso Agordino, which has mapped out the routes and extended them into the municipality. The Alta Via [&hellip;]<\/p>\n","protected":false},"author":1,"featured_media":5463,"parent":10288,"menu_order":2,"comment_status":"closed","ping_status":"closed","template":"","meta":{"_acf_changed":false,"footnotes":""},"class_list":["post-10303","page","type-page","status-publish","has-post-thumbnail","hentry"],"acf":[],"_links":{"self":[{"href":"https:\/\/www.falcadedolomiti.it\/en\/wp-json\/wp\/v2\/pages\/10303","targetHints":{"allow":["GET"]}}],"collection":[{"href":"https:\/\/www.falcadedolomiti.it\/en\/wp-json\/wp\/v2\/pages"}],"about":[{"href":"https:\/\/www.falcadedolomiti.it\/en\/wp-json\/wp\/v2\/types\/page"}],"author":[{"embeddable":true,"href":"https:\/\/www.falcadedolomiti.it\/en\/wp-json\/wp\/v2\/users\/1"}],"replies":[{"embeddable":true,"href":"https:\/\/www.falcadedolomiti.it\/en\/wp-json\/wp\/v2\/comments?post=10303"}],"version-history":[{"count":9,"href":"https:\/\/www.falcadedolomiti.it\/en\/wp-json\/wp\/v2\/pages\/10303\/revisions"}],"predecessor-version":[{"id":18557,"href":"https:\/\/www.falcadedolomiti.it\/en\/wp-json\/wp\/v2\/pages\/10303\/revisions\/18557"}],"up":[{"embeddable":true,"href":"https:\/\/www.falcadedolomiti.it\/en\/wp-json\/wp\/v2\/pages\/10288"}],"wp:featuredmedia":[{"embeddable":true,"href":"https:\/\/www.falcadedolomiti.it\/en\/wp-json\/wp\/v2\/media\/5463"}],"wp:attachment":[{"href":"https:\/\/www.falcadedolomiti.it\/en\/wp-json\/wp\/v2\/media?parent=10303"}],"curies":[{"name":"wp","href":"https:\/\/api.w.org\/{rel}","templated":true}]}}