{"id":14947,"date":"2022-07-17T08:48:10","date_gmt":"2022-07-17T07:48:10","guid":{"rendered":"https:\/\/www.falcadedolomiti.it\/le-vie-dellarte-ecomuseo-della-val-del-biois\/"},"modified":"2025-12-29T17:22:12","modified_gmt":"2025-12-29T16:22:12","slug":"le-vie-dellarte-ecomuseo-della-val-del-biois","status":"publish","type":"page","link":"https:\/\/www.falcadedolomiti.it\/en\/le-vie-dellarte-ecomuseo-della-val-del-biois\/","title":{"rendered":"Le vie dell&#8217;Ecomuseo della Valle del Biois"},"content":{"rendered":"<div class=\"wpb-content-wrapper\"><p>[vc_row css=&#8221;.vc_custom_1602667400344{padding-bottom: 36px !important;}&#8221;][vc_column][vc_column_text css=&#8221;.vc_custom_1753188842718{margin-top: -10px !important;}&#8221;]<\/p>\n<h4>Viaggio nei sentieri e nelle arti antiche con Ecomuseo della Valle del Biois<\/h4>\n<p><strong>Attivit\u00e0 settimanali<\/strong> che si svolgeranno nelle giornate di<strong> luned\u00ec<\/strong>, <strong>marted\u00ec<\/strong>, <strong>mercoled\u00ec<\/strong>, <strong>gioved\u00ec<\/strong>, <strong>venerd\u00ec<\/strong> e <strong>domenica<\/strong> con <strong>esperienze<\/strong> alla scoperta dei tesori d&#8217;arte, natura, cultura, tradizioni e antichi mestieri immersi nei borghi e nella natura della<a href=\"https:\/\/www.falcadedolomiti.it\/en\/location\/\" target=\"_blank\" rel=\"noopener\"><strong>\u00a0Val del Biois <\/strong><\/a>nelle<strong> Dolomiti Bellunesi, <\/strong>accompagnati dalle guide dell&#8217; <a href=\"https:\/\/www.ecomuseovalledelbiois.it\/\" target=\"_blank\" rel=\"noopener nofollow\"><strong>Ecomuseo della Valle del Biois<\/strong><\/a> in collaborazione con la <a href=\"https:\/\/www.musal.it\/\" target=\"_blank\" rel=\"noopener nofollow\"><strong>Fondazione Papa Luciani<\/strong><\/a> ed il Consorzio PromoFalcade Dolomiti.<\/p>\n<p>Per le attivit\u00e0 delle giornate di:<\/p>\n<ul>\n<li>luned\u00ec mattina<\/li>\n<li>marted\u00ec mattina e pomeriggio<\/li>\n<li>mercoled\u00ec mattina e pomeriggio<\/li>\n<li>gioved\u00ec mattina<\/li>\n<li>venerd\u00ec pomeriggio<\/li>\n<\/ul>\n<p>verr\u00e0 applicato uno sconto di \u20ac2,00 ad esperienza, ai <strong>clienti<\/strong> delle <strong>strutture associate <\/strong>a<strong> PromoFalcade Dolomiti<\/strong> che esibiranno il <strong>Voucher, <\/strong>da richiedere presso la struttura ricettiva.<\/p>\n<p>Non si garantiscono le esperienze in caso di maltempo.[\/vc_column_text][vc_empty_space][\/vc_column][\/vc_row][vc_row css=&#8221;.vc_custom_1602666182136{padding-bottom: 50px !important;}&#8221;][vc_column][vc_column_text css=&#8221;&#8221;]<\/p>\n<h3>Luned\u00ec<\/h3>\n<p>[\/vc_column_text][vc_column_text css=&#8221;&#8221;]<\/p>\n<h4>Passeggiata culturale tra Valt, Sappade, Feder con Summer Bus<\/h4>\n<p>[\/vc_column_text][vc_column_text css=&#8221;&#8221;]<\/p>\n<h5>dal 30 giugno al 25 agosto ore 9,00 &#8211; 11,30<\/h5>\n<h6>Alla scoperta dei villaggi dove arte e architettura e tradizioni locali hanno creato paesaggi unici.<\/h6>\n<p>[\/vc_column_text][vc_column_text css=&#8221;.vc_custom_1752431610062{padding-top: 15px !important;}&#8221;]Accompagnati dalle guide dell&#8217;Ecomuseo della Valle del Biois, visiteremo alcuni scorci dei villaggi per scoprire la loro storia, l&#8217;arte e le <strong>architetture dei tabi\u00e0<\/strong>, gli <strong>antichi fienili<\/strong>, concludendo con un passaggio a Forcella Lagazzon uno scorcio naturalistico immerso tra le vette dolomitiche.<br \/>\nPossibilit\u00e0 di degustare lo <strong>spuntino del Montanaro<\/strong>.[\/vc_column_text]<div class=\"mkdf-image-gallery  mkdf-ig-grid-type mkdf-normal-space  mkdf-image-behavior-lightbox\">\n\t<div class=\"mkdf-ig-inner mkdf-outer-space mkdf-ig-grid mkdf-ig-three-columns\">\n\t\t\t\t\t<div class=\"mkdf-ig-image mkdf-item-space\">\n\t\t\t\t<div class=\"mkdf-ig-image-inner\">\n\t\t\t\t\t\t\t\t\t\t\t<a itemprop=\"image\" class=\"mkdf-ig-lightbox\" href=\"https:\/\/www.falcadedolomiti.it\/wp-content\/uploads\/2021\/03\/Sappade.jpg\" data-rel=\"prettyPhoto[image_gallery_pretty_photo-246]\" title=\"Sappade\">\n\t\t\t\t\t\t\t\t\t\t\t<img loading=\"lazy\" decoding=\"async\" width=\"1000\" height=\"650\" src=\"https:\/\/www.falcadedolomiti.it\/wp-content\/uploads\/2021\/03\/Sappade.jpg\" class=\"attachment-full size-full\" alt=\"\" srcset=\"https:\/\/www.falcadedolomiti.it\/wp-content\/uploads\/2021\/03\/Sappade.jpg 1000w, https:\/\/www.falcadedolomiti.it\/wp-content\/uploads\/2021\/03\/Sappade-300x195.jpg 300w, https:\/\/www.falcadedolomiti.it\/wp-content\/uploads\/2021\/03\/Sappade-768x499.jpg 768w\" sizes=\"auto, (max-width: 1000px) 100vw, 1000px\" \/>\t\t\t\t\t\t\t\t\t\t\t<\/a>\n\t\t\t\t\t\t\t\t\t<\/div>\n\t\t\t<\/div>\n\t\t\t<\/div>\n<\/div><a itemprop=\"url\" href=\"https:\/\/www.falcadedolomiti.it\/esperienze-falcade\/esperienze\/TRN\/c06bb939-8996-4b0e-a797-f06d612394a9\/passeggiata-culturale-tra-le-frazioni-alte\" target=\"_blank\" style=\"color: #000000;background-color: #EF7983;border-color: #EF7983\" class=\"mkdf-btn mkdf-btn-medium mkdf-btn-solid mkdf-btn-custom-hover-bg mkdf-btn-custom-border-hover mkdf-btn-custom-hover-color\" data-hover-color=\"#FFFFFF\" data-hover-bg-color=\"#EF7983\" data-hover-border-color=\"#EF7983\">\n    <span class=\"mkdf-btn-text\">Info costi e prenotazione esperienza<\/span>\n    <\/a>[vc_empty_space][vc_column_text css=&#8221;&#8221;]<\/p>\n<h4>Il mondo delle api e delle caprette<\/h4>\n<p>[\/vc_column_text][vc_column_text css=&#8221;&#8221;]<\/p>\n<h5>\u00a0dal 30 giugno al 25 agosto &#8211; ore 15,00-17,00<\/h5>\n<h6>Passeggiata a Canale d&#8217;Agordo alla scoperta del mondo di api e caprette, adatta a grandi e piccini.<\/h6>\n<p>[\/vc_column_text][vc_column_text css=&#8221;.vc_custom_1752432060193{padding-top: 15px !important;}&#8221;]Passeggiata in uno scorcio di <a href=\"https:\/\/www.falcadedolomiti.it\/en\/place\/canale-dagordo\/\" target=\"_blank\" rel=\"noopener\"><strong>Canale d&#8217;Agordo<\/strong><\/a> per incontrare Mirco e Lino che ci faranno conoscere il laborioso <strong>mondo delle api<\/strong> e le simpatiche <strong>caprette<\/strong>, con la chance di provare l&#8217;<strong>esperienza della mungitura<\/strong>.<br \/>\nPossibilit\u00e0 di <strong>assaggi di formaggi e miele<\/strong>.[\/vc_column_text]<div class=\"mkdf-image-gallery  mkdf-ig-grid-type mkdf-normal-space  mkdf-image-behavior-lightbox\">\n\t<div class=\"mkdf-ig-inner mkdf-outer-space mkdf-ig-grid mkdf-ig-three-columns\">\n\t\t\t\t\t<div class=\"mkdf-ig-image mkdf-item-space\">\n\t\t\t\t<div class=\"mkdf-ig-image-inner\">\n\t\t\t\t\t\t\t\t\t\t\t<a itemprop=\"image\" class=\"mkdf-ig-lightbox\" href=\"https:\/\/www.falcadedolomiti.it\/wp-content\/uploads\/2025\/07\/canale-agordo.jpg\" data-rel=\"prettyPhoto[image_gallery_pretty_photo-177]\" title=\"canale-agordo\">\n\t\t\t\t\t\t\t\t\t\t\t<img loading=\"lazy\" decoding=\"async\" width=\"1000\" height=\"650\" src=\"https:\/\/www.falcadedolomiti.it\/wp-content\/uploads\/2025\/07\/canale-agordo.jpg\" class=\"attachment-full size-full\" alt=\"\" srcset=\"https:\/\/www.falcadedolomiti.it\/wp-content\/uploads\/2025\/07\/canale-agordo.jpg 1000w, https:\/\/www.falcadedolomiti.it\/wp-content\/uploads\/2025\/07\/canale-agordo-300x195.jpg 300w, https:\/\/www.falcadedolomiti.it\/wp-content\/uploads\/2025\/07\/canale-agordo-768x499.jpg 768w\" sizes=\"auto, (max-width: 1000px) 100vw, 1000px\" \/>\t\t\t\t\t\t\t\t\t\t\t<\/a>\n\t\t\t\t\t\t\t\t\t<\/div>\n\t\t\t<\/div>\n\t\t\t<\/div>\n<\/div><a itemprop=\"url\" href=\"https:\/\/www.falcadedolomiti.it\/esperienze-falcade\/esperienze\/TRN\/deafb75d-e036-4fba-ba01-a8d3ce9a6685\/il-mondo-delle-api-e-delle-caprette\" target=\"_blank\" style=\"color: #000000;background-color: #EF7983;border-color: #EF7983\" class=\"mkdf-btn mkdf-btn-medium mkdf-btn-solid mkdf-btn-custom-hover-bg mkdf-btn-custom-border-hover mkdf-btn-custom-hover-color\" data-hover-color=\"#FFFFFF\" data-hover-bg-color=\"#EF7983\" data-hover-border-color=\"#EF7983\">\n    <span class=\"mkdf-btn-text\">Info costi e prenotazione esperienza<\/span>\n    <\/a>[\/vc_column][\/vc_row][vc_row css=&#8221;.vc_custom_1602666182136{padding-bottom: 50px !important;}&#8221;][vc_column][vc_column_text css=&#8221;&#8221;]<\/p>\n<h3>Marted\u00ec<\/h3>\n<p>[\/vc_column_text][vc_column_text css=&#8221;&#8221;]<\/p>\n<h4>L&#8217;arte sacra di San Simon e il villaggio di Cogul\u00a0 con Summer Bus<\/h4>\n<p>[\/vc_column_text][vc_column_text css=&#8221;&#8221;]<\/p>\n<h5>dal 1 luglio al 26 agosto &#8211; ore 9,00-12,00<\/h5>\n<h6>Un&#8217;immersione nell&#8217;arte sacra di San Simon ed il villaggio di Cogul con l&#8217;antico tabi\u00e0, il Giardino della biodiversit\u00e0 e l&#8217;orto della flora spontanea della valle.<\/h6>\n<p>[\/vc_column_text][vc_column_text css=&#8221;.vc_custom_1752425529807{padding-top: 15px !important;}&#8221;]Visita guidata alla\u00a0<strong>Chiesa Monumentale di San Simon<\/strong>\u00a0a <a href=\"https:\/\/www.falcadedolomiti.it\/en\/place\/vallada-agordina\/\" target=\"_blank\" rel=\"noopener\"><strong>Vallada Agordina<\/strong><\/a> per scoprire gli affreschi del Paris Bordone. Poco distante si trova il <strong>villaggio di Cogul<\/strong>.<br \/>\nEntrandp nel tabi\u00e0 di Attilio, del 1670, la sensazione \u00e8 quella di un viaggio nel tempo, avvolti dal profumo del cirmolo tra oggetti e attrezzi rurali del XX secolo.<br \/>\nFran\u00e7oise e Marcello ci faranno conoscere le piante spontanee della valle e tutte le loro propriet\u00e0 e segreti.[\/vc_column_text]<div class=\"mkdf-image-gallery  mkdf-ig-grid-type mkdf-normal-space  mkdf-image-behavior-lightbox\">\n\t<div class=\"mkdf-ig-inner mkdf-outer-space mkdf-ig-grid mkdf-ig-three-columns\">\n\t\t\t\t\t<div class=\"mkdf-ig-image mkdf-item-space\">\n\t\t\t\t<div class=\"mkdf-ig-image-inner\">\n\t\t\t\t\t\t\t\t\t\t\t<a itemprop=\"image\" class=\"mkdf-ig-lightbox\" href=\"https:\/\/www.falcadedolomiti.it\/wp-content\/uploads\/2021\/07\/San-Simon_EMANUELEZANE_1_M-scaled-e1626013303617.jpg\" data-rel=\"prettyPhoto[image_gallery_pretty_photo-39]\" title=\"San Simon\">\n\t\t\t\t\t\t\t\t\t\t\t<img loading=\"lazy\" decoding=\"async\" width=\"1000\" height=\"650\" src=\"https:\/\/www.falcadedolomiti.it\/wp-content\/uploads\/2021\/07\/San-Simon_EMANUELEZANE_1_M-scaled-e1626013303617.jpg\" class=\"attachment-full size-full\" alt=\"\" srcset=\"https:\/\/www.falcadedolomiti.it\/wp-content\/uploads\/2021\/07\/San-Simon_EMANUELEZANE_1_M-scaled-e1626013303617.jpg 1000w, https:\/\/www.falcadedolomiti.it\/wp-content\/uploads\/2021\/07\/San-Simon_EMANUELEZANE_1_M-scaled-e1626013303617-300x195.jpg 300w, https:\/\/www.falcadedolomiti.it\/wp-content\/uploads\/2021\/07\/San-Simon_EMANUELEZANE_1_M-scaled-e1626013303617-768x499.jpg 768w\" sizes=\"auto, (max-width: 1000px) 100vw, 1000px\" \/>\t\t\t\t\t\t\t\t\t\t\t<\/a>\n\t\t\t\t\t\t\t\t\t<\/div>\n\t\t\t<\/div>\n\t\t\t\t\t<div class=\"mkdf-ig-image mkdf-item-space\">\n\t\t\t\t<div class=\"mkdf-ig-image-inner\">\n\t\t\t\t\t\t\t\t\t\t\t<a itemprop=\"image\" class=\"mkdf-ig-lightbox\" href=\"https:\/\/www.falcadedolomiti.it\/wp-content\/uploads\/2021\/07\/altar-maggiore-scaled-e1626015999564.jpg\" data-rel=\"prettyPhoto[image_gallery_pretty_photo-39]\" title=\"altar maggiore\">\n\t\t\t\t\t\t\t\t\t\t\t<img loading=\"lazy\" decoding=\"async\" width=\"1000\" height=\"650\" src=\"https:\/\/www.falcadedolomiti.it\/wp-content\/uploads\/2021\/07\/altar-maggiore-scaled-e1626015999564.jpg\" class=\"attachment-full size-full\" alt=\"\" srcset=\"https:\/\/www.falcadedolomiti.it\/wp-content\/uploads\/2021\/07\/altar-maggiore-scaled-e1626015999564.jpg 1000w, https:\/\/www.falcadedolomiti.it\/wp-content\/uploads\/2021\/07\/altar-maggiore-scaled-e1626015999564-300x195.jpg 300w, https:\/\/www.falcadedolomiti.it\/wp-content\/uploads\/2021\/07\/altar-maggiore-scaled-e1626015999564-768x499.jpg 768w\" sizes=\"auto, (max-width: 1000px) 100vw, 1000px\" \/>\t\t\t\t\t\t\t\t\t\t\t<\/a>\n\t\t\t\t\t\t\t\t\t<\/div>\n\t\t\t<\/div>\n\t\t\t\t\t<div class=\"mkdf-ig-image mkdf-item-space\">\n\t\t\t\t<div class=\"mkdf-ig-image-inner\">\n\t\t\t\t\t\t\t\t\t\t\t<a itemprop=\"image\" class=\"mkdf-ig-lightbox\" href=\"https:\/\/www.falcadedolomiti.it\/wp-content\/uploads\/2018\/03\/sansimon_martinacagnati.jpg\" data-rel=\"prettyPhoto[image_gallery_pretty_photo-39]\" title=\"sansimon_martinacagnati\">\n\t\t\t\t\t\t\t\t\t\t\t<img loading=\"lazy\" decoding=\"async\" width=\"1000\" height=\"650\" src=\"https:\/\/www.falcadedolomiti.it\/wp-content\/uploads\/2018\/03\/sansimon_martinacagnati.jpg\" class=\"attachment-full size-full\" alt=\"\" srcset=\"https:\/\/www.falcadedolomiti.it\/wp-content\/uploads\/2018\/03\/sansimon_martinacagnati.jpg 1000w, https:\/\/www.falcadedolomiti.it\/wp-content\/uploads\/2018\/03\/sansimon_martinacagnati-300x195.jpg 300w, https:\/\/www.falcadedolomiti.it\/wp-content\/uploads\/2018\/03\/sansimon_martinacagnati-768x499.jpg 768w\" sizes=\"auto, (max-width: 1000px) 100vw, 1000px\" \/>\t\t\t\t\t\t\t\t\t\t\t<\/a>\n\t\t\t\t\t\t\t\t\t<\/div>\n\t\t\t<\/div>\n\t\t\t<\/div>\n<\/div><a itemprop=\"url\" href=\"https:\/\/www.falcadedolomiti.it\/esperienze-falcade\/esperienze\/TRN\/4dddbe63-3077-4fe0-a899-e3e3205f478a\/passeggiata-culturale-tra-arte-sacra-e-natura\" target=\"_blank\" style=\"color: #000000;background-color: #EF7983;border-color: #EF7983\" class=\"mkdf-btn mkdf-btn-medium mkdf-btn-solid mkdf-btn-custom-hover-bg mkdf-btn-custom-border-hover mkdf-btn-custom-hover-color\" data-hover-color=\"#FFFFFF\" data-hover-bg-color=\"#EF7983\" data-hover-border-color=\"#EF7983\">\n    <span class=\"mkdf-btn-text\">Info costi e prenotazione esperienza<\/span>\n    <\/a>[vc_empty_space][vc_column_text css=&#8221;&#8221;]<\/p>\n<h4>Canale d&#8217;Agordo, il paese natale del Papa del sorriso<\/h4>\n<p>[\/vc_column_text][vc_column_text css=&#8221;&#8221;]<\/p>\n<h5>dal 1 luglio al 26 agosto &#8211; ore 15,30-17,30<\/h5>\n<h6>Alla scoperta di Canale d&#8217;Agordo e dei luoghi tanto cari al Papa del Sorriso<\/h6>\n<p>[\/vc_column_text][vc_column_text css=&#8221;.vc_custom_1752425867373{padding-top: 15px !important;}&#8221;]Passeggiata tra le vie del paese di\u00a0<a href=\"https:\/\/www.falcadedolomiti.it\/en\/place\/canale-dagordo\/\" target=\"_blank\" rel=\"noopener\"><strong>Canale d&#8217; Agordo<\/strong><\/a>\u00a0per conoscere i luoghi vissuti da <a href=\"https:\/\/www.falcadedolomiti.it\/en\/enjoy-your-holiday\/the-smiling-pope-and-his-valley\/\" target=\"_blank\" rel=\"noopener\"><strong>Papa Giovanni Paolo I<\/strong><\/a>, le piazze, la <strong>Casa delle Regole<\/strong>, gli antichi tabi\u00e0, l&#8217;arte dei <strong>Santi alle finestre<\/strong> e il <strong>Giardino della Memoria<\/strong>. Nella <strong>Casa Natale<\/strong> <strong>del Papa<\/strong> si concluder\u00e0 il percorso guidato che ci avr\u00e0 arricchiti del patrimonio culturale di un villaggio di montagna.[\/vc_column_text]<div class=\"mkdf-image-gallery  mkdf-ig-grid-type mkdf-normal-space  mkdf-image-behavior-lightbox\">\n\t<div class=\"mkdf-ig-inner mkdf-outer-space mkdf-ig-grid mkdf-ig-three-columns\">\n\t\t\t\t\t<div class=\"mkdf-ig-image mkdf-item-space\">\n\t\t\t\t<div class=\"mkdf-ig-image-inner\">\n\t\t\t\t\t\t\t\t\t\t\t<a itemprop=\"image\" class=\"mkdf-ig-lightbox\" href=\"https:\/\/www.falcadedolomiti.it\/wp-content\/uploads\/2021\/02\/Musal-esterni.jpg\" data-rel=\"prettyPhoto[image_gallery_pretty_photo-749]\" title=\"Musal-esterni\">\n\t\t\t\t\t\t\t\t\t\t\t<img loading=\"lazy\" decoding=\"async\" width=\"1000\" height=\"650\" src=\"https:\/\/www.falcadedolomiti.it\/wp-content\/uploads\/2021\/02\/Musal-esterni.jpg\" class=\"attachment-full size-full\" alt=\"\" srcset=\"https:\/\/www.falcadedolomiti.it\/wp-content\/uploads\/2021\/02\/Musal-esterni.jpg 1000w, https:\/\/www.falcadedolomiti.it\/wp-content\/uploads\/2021\/02\/Musal-esterni-300x195.jpg 300w, https:\/\/www.falcadedolomiti.it\/wp-content\/uploads\/2021\/02\/Musal-esterni-768x499.jpg 768w\" sizes=\"auto, (max-width: 1000px) 100vw, 1000px\" \/>\t\t\t\t\t\t\t\t\t\t\t<\/a>\n\t\t\t\t\t\t\t\t\t<\/div>\n\t\t\t<\/div>\n\t\t\t\t\t<div class=\"mkdf-ig-image mkdf-item-space\">\n\t\t\t\t<div class=\"mkdf-ig-image-inner\">\n\t\t\t\t\t\t\t\t\t\t\t<a itemprop=\"image\" class=\"mkdf-ig-lightbox\" href=\"https:\/\/www.falcadedolomiti.it\/wp-content\/uploads\/2018\/03\/2-1-e1626025343979.jpg\" data-rel=\"prettyPhoto[image_gallery_pretty_photo-749]\" title=\"Casa delle regole Canale dAgordo\">\n\t\t\t\t\t\t\t\t\t\t\t<img loading=\"lazy\" decoding=\"async\" width=\"1000\" height=\"650\" src=\"https:\/\/www.falcadedolomiti.it\/wp-content\/uploads\/2018\/03\/2-1-e1626025343979.jpg\" class=\"attachment-full size-full\" alt=\"\" srcset=\"https:\/\/www.falcadedolomiti.it\/wp-content\/uploads\/2018\/03\/2-1-e1626025343979.jpg 1000w, https:\/\/www.falcadedolomiti.it\/wp-content\/uploads\/2018\/03\/2-1-e1626025343979-300x195.jpg 300w, https:\/\/www.falcadedolomiti.it\/wp-content\/uploads\/2018\/03\/2-1-e1626025343979-768x499.jpg 768w\" sizes=\"auto, (max-width: 1000px) 100vw, 1000px\" \/>\t\t\t\t\t\t\t\t\t\t\t<\/a>\n\t\t\t\t\t\t\t\t\t<\/div>\n\t\t\t<\/div>\n\t\t\t\t\t<div class=\"mkdf-ig-image mkdf-item-space\">\n\t\t\t\t<div class=\"mkdf-ig-image-inner\">\n\t\t\t\t\t\t\t\t\t\t\t<a itemprop=\"image\" class=\"mkdf-ig-lightbox\" href=\"https:\/\/www.falcadedolomiti.it\/wp-content\/uploads\/2021\/04\/santi-alle-finestre.jpg\" data-rel=\"prettyPhoto[image_gallery_pretty_photo-749]\" title=\"santi alle finestre\">\n\t\t\t\t\t\t\t\t\t\t\t<img loading=\"lazy\" decoding=\"async\" width=\"1000\" height=\"650\" src=\"https:\/\/www.falcadedolomiti.it\/wp-content\/uploads\/2021\/04\/santi-alle-finestre.jpg\" class=\"attachment-full size-full\" alt=\"\" srcset=\"https:\/\/www.falcadedolomiti.it\/wp-content\/uploads\/2021\/04\/santi-alle-finestre.jpg 1000w, https:\/\/www.falcadedolomiti.it\/wp-content\/uploads\/2021\/04\/santi-alle-finestre-300x195.jpg 300w, https:\/\/www.falcadedolomiti.it\/wp-content\/uploads\/2021\/04\/santi-alle-finestre-768x499.jpg 768w\" sizes=\"auto, (max-width: 1000px) 100vw, 1000px\" \/>\t\t\t\t\t\t\t\t\t\t\t<\/a>\n\t\t\t\t\t\t\t\t\t<\/div>\n\t\t\t<\/div>\n\t\t\t\t\t<div class=\"mkdf-ig-image mkdf-item-space\">\n\t\t\t\t<div class=\"mkdf-ig-image-inner\">\n\t\t\t\t\t\t\t\t\t\t\t<a itemprop=\"image\" class=\"mkdf-ig-lightbox\" href=\"https:\/\/www.falcadedolomiti.it\/wp-content\/uploads\/2018\/03\/casanatale-papa-luciani_canale-agordo.jpg\" data-rel=\"prettyPhoto[image_gallery_pretty_photo-749]\" title=\"casanatale-papa-luciani_canale-agordo\">\n\t\t\t\t\t\t\t\t\t\t\t<img loading=\"lazy\" decoding=\"async\" width=\"1000\" height=\"650\" src=\"https:\/\/www.falcadedolomiti.it\/wp-content\/uploads\/2018\/03\/casanatale-papa-luciani_canale-agordo.jpg\" class=\"attachment-full size-full\" alt=\"\" srcset=\"https:\/\/www.falcadedolomiti.it\/wp-content\/uploads\/2018\/03\/casanatale-papa-luciani_canale-agordo.jpg 1000w, https:\/\/www.falcadedolomiti.it\/wp-content\/uploads\/2018\/03\/casanatale-papa-luciani_canale-agordo-300x195.jpg 300w, https:\/\/www.falcadedolomiti.it\/wp-content\/uploads\/2018\/03\/casanatale-papa-luciani_canale-agordo-768x499.jpg 768w\" sizes=\"auto, (max-width: 1000px) 100vw, 1000px\" \/>\t\t\t\t\t\t\t\t\t\t\t<\/a>\n\t\t\t\t\t\t\t\t\t<\/div>\n\t\t\t<\/div>\n\t\t\t<\/div>\n<\/div><a itemprop=\"url\" href=\"https:\/\/www.falcadedolomiti.it\/esperienze-falcade\/esperienze\/TRN\/64dcb0ab-8bc5-4b5f-aa30-d33d1b0f7001\/visita-al-paese-natale-del-papa-del-sorriso\" target=\"_blank\" style=\"color: #000000;background-color: #EF7983;border-color: #EF7983\" class=\"mkdf-btn mkdf-btn-medium mkdf-btn-solid mkdf-btn-custom-hover-bg mkdf-btn-custom-border-hover mkdf-btn-custom-hover-color\" data-hover-color=\"#FFFFFF\" data-hover-bg-color=\"#EF7983\" data-hover-border-color=\"#EF7983\">\n    <span class=\"mkdf-btn-text\">Info costi e prenotazione esperienza<\/span>\n    <\/a>[\/vc_column][\/vc_row][vc_row css=&#8221;.vc_custom_1602666182136{padding-bottom: 50px !important;}&#8221;][vc_column][vc_column_text css=&#8221;&#8221;]<\/p>\n<h3>Mercoled\u00ec<\/h3>\n<p>[\/vc_column_text][vc_column_text css=&#8221;&#8221;]<\/p>\n<h4>Tour dei Caseli con Summer Bus<\/h4>\n<p>[\/vc_column_text][vc_column_text css=&#8221;&#8221;]<\/p>\n<h5>dal 2 luglio al 27 agosto &#8211; ore 9,00-12,00<\/h5>\n<h6>Visita alle 3 antiche latterie-museo<\/h6>\n<p>[\/vc_column_text][vc_column_text css=&#8221;.vc_custom_1752432096578{padding-top: 15px !important;}&#8221;]Una passeggiata tra i borghi panoramici della valle, con tre tappe nelle <strong>antiche latterie<\/strong> di<strong> Fregona<\/strong>, <strong>Feder<\/strong> e <strong>Carfon<\/strong> luoghi dove in passato si svolgeva l&#8217;<strong>antico mestiere<\/strong> della <strong>raccolta del latte che <\/strong>veniva trasformato in<strong> prodotti caseari.<br \/>\n<\/strong>Ognuna di esse narra uno spaccato della storia della vita di montagna: dalla fienagione alla civilt\u00e0 contadina con il <strong>poeta<\/strong> <strong>Valerio Da Pos<\/strong>.<br \/>\nCon possibilit\u00e0 di <strong>degustazione formaggi locali<\/strong>.[\/vc_column_text]<div class=\"mkdf-image-gallery  mkdf-ig-grid-type mkdf-normal-space  mkdf-image-behavior-lightbox\">\n\t<div class=\"mkdf-ig-inner mkdf-outer-space mkdf-ig-grid mkdf-ig-three-columns\">\n\t\t\t\t\t<div class=\"mkdf-ig-image mkdf-item-space\">\n\t\t\t\t<div class=\"mkdf-ig-image-inner\">\n\t\t\t\t\t\t\t\t\t\t\t<a itemprop=\"image\" class=\"mkdf-ig-lightbox\" href=\"https:\/\/www.falcadedolomiti.it\/wp-content\/uploads\/2018\/03\/caselo-fregona-e-carfon_martina-cagnati.jpg\" data-rel=\"prettyPhoto[image_gallery_pretty_photo-12]\" title=\"caselo-fregona-e-carfon_martina-cagnati\">\n\t\t\t\t\t\t\t\t\t\t\t<img loading=\"lazy\" decoding=\"async\" width=\"1000\" height=\"650\" src=\"https:\/\/www.falcadedolomiti.it\/wp-content\/uploads\/2018\/03\/caselo-fregona-e-carfon_martina-cagnati.jpg\" class=\"attachment-full size-full\" alt=\"\" srcset=\"https:\/\/www.falcadedolomiti.it\/wp-content\/uploads\/2018\/03\/caselo-fregona-e-carfon_martina-cagnati.jpg 1000w, https:\/\/www.falcadedolomiti.it\/wp-content\/uploads\/2018\/03\/caselo-fregona-e-carfon_martina-cagnati-300x195.jpg 300w, https:\/\/www.falcadedolomiti.it\/wp-content\/uploads\/2018\/03\/caselo-fregona-e-carfon_martina-cagnati-768x499.jpg 768w\" sizes=\"auto, (max-width: 1000px) 100vw, 1000px\" \/>\t\t\t\t\t\t\t\t\t\t\t<\/a>\n\t\t\t\t\t\t\t\t\t<\/div>\n\t\t\t<\/div>\n\t\t\t\t\t<div class=\"mkdf-ig-image mkdf-item-space\">\n\t\t\t\t<div class=\"mkdf-ig-image-inner\">\n\t\t\t\t\t\t\t\t\t\t\t<a itemprop=\"image\" class=\"mkdf-ig-lightbox\" href=\"https:\/\/www.falcadedolomiti.it\/wp-content\/uploads\/2018\/03\/latteria-museo-feder_martinacagnati.jpg\" data-rel=\"prettyPhoto[image_gallery_pretty_photo-12]\" title=\"latteria-museo-feder_martinacagnati\">\n\t\t\t\t\t\t\t\t\t\t\t<img loading=\"lazy\" decoding=\"async\" width=\"1000\" height=\"650\" src=\"https:\/\/www.falcadedolomiti.it\/wp-content\/uploads\/2018\/03\/latteria-museo-feder_martinacagnati.jpg\" class=\"attachment-full size-full\" alt=\"\" srcset=\"https:\/\/www.falcadedolomiti.it\/wp-content\/uploads\/2018\/03\/latteria-museo-feder_martinacagnati.jpg 1000w, https:\/\/www.falcadedolomiti.it\/wp-content\/uploads\/2018\/03\/latteria-museo-feder_martinacagnati-300x195.jpg 300w, https:\/\/www.falcadedolomiti.it\/wp-content\/uploads\/2018\/03\/latteria-museo-feder_martinacagnati-768x499.jpg 768w\" sizes=\"auto, (max-width: 1000px) 100vw, 1000px\" \/>\t\t\t\t\t\t\t\t\t\t\t<\/a>\n\t\t\t\t\t\t\t\t\t<\/div>\n\t\t\t<\/div>\n\t\t\t\t\t<div class=\"mkdf-ig-image mkdf-item-space\">\n\t\t\t\t<div class=\"mkdf-ig-image-inner\">\n\t\t\t\t\t\t\t\t\t\t\t<a itemprop=\"image\" class=\"mkdf-ig-lightbox\" href=\"https:\/\/www.falcadedolomiti.it\/wp-content\/uploads\/2018\/03\/carfon_museo-etnografico_martinacagnati.jpg\" data-rel=\"prettyPhoto[image_gallery_pretty_photo-12]\" title=\"carfon_museo-etnografico_martinacagnati\">\n\t\t\t\t\t\t\t\t\t\t\t<img loading=\"lazy\" decoding=\"async\" width=\"1000\" height=\"650\" src=\"https:\/\/www.falcadedolomiti.it\/wp-content\/uploads\/2018\/03\/carfon_museo-etnografico_martinacagnati.jpg\" class=\"attachment-full size-full\" alt=\"\" srcset=\"https:\/\/www.falcadedolomiti.it\/wp-content\/uploads\/2018\/03\/carfon_museo-etnografico_martinacagnati.jpg 1000w, https:\/\/www.falcadedolomiti.it\/wp-content\/uploads\/2018\/03\/carfon_museo-etnografico_martinacagnati-300x195.jpg 300w, https:\/\/www.falcadedolomiti.it\/wp-content\/uploads\/2018\/03\/carfon_museo-etnografico_martinacagnati-768x499.jpg 768w\" sizes=\"auto, (max-width: 1000px) 100vw, 1000px\" \/>\t\t\t\t\t\t\t\t\t\t\t<\/a>\n\t\t\t\t\t\t\t\t\t<\/div>\n\t\t\t<\/div>\n\t\t\t<\/div>\n<\/div><a itemprop=\"url\" href=\"https:\/\/www.falcadedolomiti.it\/esperienze-falcade\/esperienze\/TRN\/45682d4f-3065-4800-ab96-68468455ea3e\/tour-dei--caseli---visita-alle-3-antiche-latterie\" target=\"_blank\" style=\"color: #000000;background-color: #EF7983;border-color: #EF7983\" class=\"mkdf-btn mkdf-btn-medium mkdf-btn-solid mkdf-btn-custom-hover-bg mkdf-btn-custom-border-hover mkdf-btn-custom-hover-color\" data-hover-color=\"#FFFFFF\" data-hover-bg-color=\"#EF7983\" data-hover-border-color=\"#EF7983\">\n    <span class=\"mkdf-btn-text\">Info costi e prenotazione esperienza<\/span>\n    <\/a>[vc_empty_space][vc_column_text css=&#8221;&#8221;]<\/p>\n<h4>La Valle con i Santi alle Finestre ed il Murer<\/h4>\n<p>[\/vc_column_text][vc_column_text css=&#8221;&#8221;]<\/p>\n<h5>dal 9 luglio al 27 agosto &#8211; ore 15,30-17,30<\/h5>\n<h6>Passeggiata a Falcade con visita al percorso dei Santi alle finestre fino al Museo Murer<\/h6>\n<p>[\/vc_column_text][vc_column_text css=&#8221;.vc_custom_1752427556031{padding-top: 15px !important;}&#8221;]Accompagnati da una guida dell&#8217;Ecomuseo della Valle del Biois, immersi nell&#8217;arte dei <strong>Santi alle Finestre<\/strong>, visiteremo il <a href=\"https:\/\/www.falcadedolomiti.it\/en\/place\/falcade\/\" target=\"_blank\" rel=\"noopener\"><strong>centro storico di Falcade<\/strong><\/a> scoprendo le <strong>tradizioni<\/strong> e le <strong>storie legate agli antichi fienili,<\/strong> i <strong>tabi\u00e0<\/strong>, tra gli scorci del paesaggio delle Dolomiti.<br \/>\nArrivando a <strong>Molino, <\/strong>un luogo dove un tempo c&#8217;erano diversi mulini, si visiter\u00e0 il <strong>Museo Laboratorio Murer, <\/strong>uno scrigno d&#8217;arte moderna del noto artista <a href=\"https:\/\/www.falcadedolomiti.it\/en\/centenary-birth-augusto-murer\/\" target=\"_blank\" rel=\"noopener\"><strong>Augusto Murer<\/strong><\/a>.[\/vc_column_text]<div class=\"mkdf-image-gallery  mkdf-ig-grid-type mkdf-normal-space  mkdf-image-behavior-lightbox\">\n\t<div class=\"mkdf-ig-inner mkdf-outer-space mkdf-ig-grid mkdf-ig-three-columns\">\n\t\t\t\t\t<div class=\"mkdf-ig-image mkdf-item-space\">\n\t\t\t\t<div class=\"mkdf-ig-image-inner\">\n\t\t\t\t\t\t\t\t\t\t\t<a itemprop=\"image\" class=\"mkdf-ig-lightbox\" href=\"https:\/\/www.falcadedolomiti.it\/wp-content\/uploads\/2021\/04\/santi-alle-finestre.jpg\" data-rel=\"prettyPhoto[image_gallery_pretty_photo-312]\" title=\"santi alle finestre\">\n\t\t\t\t\t\t\t\t\t\t\t<img loading=\"lazy\" decoding=\"async\" width=\"1000\" height=\"650\" src=\"https:\/\/www.falcadedolomiti.it\/wp-content\/uploads\/2021\/04\/santi-alle-finestre.jpg\" class=\"attachment-full size-full\" alt=\"\" srcset=\"https:\/\/www.falcadedolomiti.it\/wp-content\/uploads\/2021\/04\/santi-alle-finestre.jpg 1000w, https:\/\/www.falcadedolomiti.it\/wp-content\/uploads\/2021\/04\/santi-alle-finestre-300x195.jpg 300w, https:\/\/www.falcadedolomiti.it\/wp-content\/uploads\/2021\/04\/santi-alle-finestre-768x499.jpg 768w\" sizes=\"auto, (max-width: 1000px) 100vw, 1000px\" \/>\t\t\t\t\t\t\t\t\t\t\t<\/a>\n\t\t\t\t\t\t\t\t\t<\/div>\n\t\t\t<\/div>\n\t\t\t\t\t<div class=\"mkdf-ig-image mkdf-item-space\">\n\t\t\t\t<div class=\"mkdf-ig-image-inner\">\n\t\t\t\t\t\t\t\t\t\t\t<a itemprop=\"image\" class=\"mkdf-ig-lightbox\" href=\"https:\/\/www.falcadedolomiti.it\/wp-content\/uploads\/2025\/07\/Valle-con-santi-alle-finestre_val-biois.jpg\" data-rel=\"prettyPhoto[image_gallery_pretty_photo-312]\" title=\"Valle-con-santi-alle-finestre_val-biois\">\n\t\t\t\t\t\t\t\t\t\t\t<img loading=\"lazy\" decoding=\"async\" width=\"1000\" height=\"650\" src=\"https:\/\/www.falcadedolomiti.it\/wp-content\/uploads\/2025\/07\/Valle-con-santi-alle-finestre_val-biois.jpg\" class=\"attachment-full size-full\" alt=\"\" srcset=\"https:\/\/www.falcadedolomiti.it\/wp-content\/uploads\/2025\/07\/Valle-con-santi-alle-finestre_val-biois.jpg 1000w, https:\/\/www.falcadedolomiti.it\/wp-content\/uploads\/2025\/07\/Valle-con-santi-alle-finestre_val-biois-300x195.jpg 300w, https:\/\/www.falcadedolomiti.it\/wp-content\/uploads\/2025\/07\/Valle-con-santi-alle-finestre_val-biois-768x499.jpg 768w\" sizes=\"auto, (max-width: 1000px) 100vw, 1000px\" \/>\t\t\t\t\t\t\t\t\t\t\t<\/a>\n\t\t\t\t\t\t\t\t\t<\/div>\n\t\t\t<\/div>\n\t\t\t\t\t<div class=\"mkdf-ig-image mkdf-item-space\">\n\t\t\t\t<div class=\"mkdf-ig-image-inner\">\n\t\t\t\t\t\t\t\t\t\t\t<a itemprop=\"image\" class=\"mkdf-ig-lightbox\" href=\"https:\/\/www.falcadedolomiti.it\/wp-content\/uploads\/2020\/11\/tabia-4.jpg\" data-rel=\"prettyPhoto[image_gallery_pretty_photo-312]\" title=\"tabia-4\">\n\t\t\t\t\t\t\t\t\t\t\t<img loading=\"lazy\" decoding=\"async\" width=\"1000\" height=\"650\" src=\"https:\/\/www.falcadedolomiti.it\/wp-content\/uploads\/2020\/11\/tabia-4.jpg\" class=\"attachment-full size-full\" alt=\"\" srcset=\"https:\/\/www.falcadedolomiti.it\/wp-content\/uploads\/2020\/11\/tabia-4.jpg 1000w, https:\/\/www.falcadedolomiti.it\/wp-content\/uploads\/2020\/11\/tabia-4-300x195.jpg 300w, https:\/\/www.falcadedolomiti.it\/wp-content\/uploads\/2020\/11\/tabia-4-768x499.jpg 768w\" sizes=\"auto, (max-width: 1000px) 100vw, 1000px\" \/>\t\t\t\t\t\t\t\t\t\t\t<\/a>\n\t\t\t\t\t\t\t\t\t<\/div>\n\t\t\t<\/div>\n\t\t\t\t\t<div class=\"mkdf-ig-image mkdf-item-space\">\n\t\t\t\t<div class=\"mkdf-ig-image-inner\">\n\t\t\t\t\t\t\t\t\t\t\t<a itemprop=\"image\" class=\"mkdf-ig-lightbox\" href=\"https:\/\/www.falcadedolomiti.it\/wp-content\/uploads\/2021\/02\/Museo-Murer.jpg\" data-rel=\"prettyPhoto[image_gallery_pretty_photo-312]\" title=\"Museo-Murer\">\n\t\t\t\t\t\t\t\t\t\t\t<img loading=\"lazy\" decoding=\"async\" width=\"1000\" height=\"650\" src=\"https:\/\/www.falcadedolomiti.it\/wp-content\/uploads\/2021\/02\/Museo-Murer.jpg\" class=\"attachment-full size-full\" alt=\"\" srcset=\"https:\/\/www.falcadedolomiti.it\/wp-content\/uploads\/2021\/02\/Museo-Murer.jpg 1000w, https:\/\/www.falcadedolomiti.it\/wp-content\/uploads\/2021\/02\/Museo-Murer-300x195.jpg 300w, https:\/\/www.falcadedolomiti.it\/wp-content\/uploads\/2021\/02\/Museo-Murer-768x499.jpg 768w\" sizes=\"auto, (max-width: 1000px) 100vw, 1000px\" \/>\t\t\t\t\t\t\t\t\t\t\t<\/a>\n\t\t\t\t\t\t\t\t\t<\/div>\n\t\t\t<\/div>\n\t\t\t\t\t<div class=\"mkdf-ig-image mkdf-item-space\">\n\t\t\t\t<div class=\"mkdf-ig-image-inner\">\n\t\t\t\t\t\t\t\t\t\t\t<a itemprop=\"image\" class=\"mkdf-ig-lightbox\" href=\"https:\/\/www.falcadedolomiti.it\/wp-content\/uploads\/2021\/02\/Scultura-in-legno-Murer.jpg\" data-rel=\"prettyPhoto[image_gallery_pretty_photo-312]\" title=\"Scultura-in-legno-Murer\">\n\t\t\t\t\t\t\t\t\t\t\t<img loading=\"lazy\" decoding=\"async\" width=\"1000\" height=\"650\" src=\"https:\/\/www.falcadedolomiti.it\/wp-content\/uploads\/2021\/02\/Scultura-in-legno-Murer.jpg\" class=\"attachment-full size-full\" alt=\"\" srcset=\"https:\/\/www.falcadedolomiti.it\/wp-content\/uploads\/2021\/02\/Scultura-in-legno-Murer.jpg 1000w, https:\/\/www.falcadedolomiti.it\/wp-content\/uploads\/2021\/02\/Scultura-in-legno-Murer-300x195.jpg 300w, https:\/\/www.falcadedolomiti.it\/wp-content\/uploads\/2021\/02\/Scultura-in-legno-Murer-768x499.jpg 768w\" sizes=\"auto, (max-width: 1000px) 100vw, 1000px\" \/>\t\t\t\t\t\t\t\t\t\t\t<\/a>\n\t\t\t\t\t\t\t\t\t<\/div>\n\t\t\t<\/div>\n\t\t\t<\/div>\n<\/div><a itemprop=\"url\" href=\"https:\/\/www.falcadedolomiti.it\/esperienze-falcade\/esperienze\/TRN\/6438c479-3649-4014-826e-e89f133e20bd\/la-valle-coi-santi-alle-finestre-a-falcade\" target=\"_blank\" style=\"color: #000000;background-color: #EF7983;border-color: #EF7983\" class=\"mkdf-btn mkdf-btn-medium mkdf-btn-solid mkdf-btn-custom-hover-bg mkdf-btn-custom-border-hover mkdf-btn-custom-hover-color\" data-hover-color=\"#FFFFFF\" data-hover-bg-color=\"#EF7983\" data-hover-border-color=\"#EF7983\">\n    <span class=\"mkdf-btn-text\">Info costi e prenotazione esperienza<\/span>\n    <\/a>[\/vc_column][\/vc_row][vc_row css=&#8221;.vc_custom_1602666182136{padding-bottom: 50px !important;}&#8221;][vc_column][vc_column_text css=&#8221;&#8221;]<\/p>\n<h3>Gioved\u00ec<\/h3>\n<p>[\/vc_column_text][vc_column_text css=&#8221;&#8221;]<\/p>\n<h4>A caccia di natura nel Bosco degli Artisti<\/h4>\n<p>[\/vc_column_text][vc_column_text css=&#8221;&#8221;]<\/p>\n<h5>dal 17 luglio al 28 agosto &#8211; ore 9,30-12,00<\/h5>\n<h6>Laboratorio artistico per grandi e piccini al Bosco degli Artisti, localit\u00e0 Le Buse<\/h6>\n<p>[\/vc_column_text][vc_column_text css=&#8221;.vc_custom_1752428562162{padding-top: 15px !important;}&#8221;]In localit\u00e0 <strong>Le Buse <\/strong>a<strong> Falcade<\/strong> esiste un bosco magico chiamato il <a href=\"https:\/\/www.falcadedolomiti.it\/en\/enjoy-your-holiday\/artists-forest\/\" target=\"_blank\" rel=\"noopener\"><strong>Bosco degli Artisti<\/strong><\/a>, dove il legno assume mille forme.<br \/>\nAlla partenza della cabinovia verr\u00e0 consegnato ad ogni bimbo un kit ed un simpatico <strong>libretto<\/strong> per <strong>orientarsi nel bosco<\/strong>.<br \/>\nL&#8217;attivit\u00e0 dura 2 ore ed alla fine ogni bambino ricever\u00e0 il <strong>diploma dell&#8217;artista<\/strong>.<br \/>\nPossibilit\u00e0 di sosta pranzo preso i <strong>rifugi<\/strong> e le<strong> malghe in loco<\/strong>.<\/p>\n<p>[\/vc_column_text]<div class=\"mkdf-image-gallery  mkdf-ig-grid-type mkdf-normal-space  mkdf-image-behavior-lightbox\">\n\t<div class=\"mkdf-ig-inner mkdf-outer-space mkdf-ig-grid mkdf-ig-three-columns\">\n\t\t\t\t\t<div class=\"mkdf-ig-image mkdf-item-space\">\n\t\t\t\t<div class=\"mkdf-ig-image-inner\">\n\t\t\t\t\t\t\t\t\t\t\t<a itemprop=\"image\" class=\"mkdf-ig-lightbox\" href=\"https:\/\/www.falcadedolomiti.it\/wp-content\/uploads\/2025\/04\/gioco__boscoartisti-2.jpg\" data-rel=\"prettyPhoto[image_gallery_pretty_photo-589]\" title=\"gioco__boscoartisti\">\n\t\t\t\t\t\t\t\t\t\t\t<img loading=\"lazy\" decoding=\"async\" width=\"1000\" height=\"650\" src=\"https:\/\/www.falcadedolomiti.it\/wp-content\/uploads\/2025\/04\/gioco__boscoartisti-2.jpg\" class=\"attachment-full size-full\" alt=\"\" srcset=\"https:\/\/www.falcadedolomiti.it\/wp-content\/uploads\/2025\/04\/gioco__boscoartisti-2.jpg 1000w, https:\/\/www.falcadedolomiti.it\/wp-content\/uploads\/2025\/04\/gioco__boscoartisti-2-300x195.jpg 300w, https:\/\/www.falcadedolomiti.it\/wp-content\/uploads\/2025\/04\/gioco__boscoartisti-2-768x499.jpg 768w\" sizes=\"auto, (max-width: 1000px) 100vw, 1000px\" \/>\t\t\t\t\t\t\t\t\t\t\t<\/a>\n\t\t\t\t\t\t\t\t\t<\/div>\n\t\t\t<\/div>\n\t\t\t\t\t<div class=\"mkdf-ig-image mkdf-item-space\">\n\t\t\t\t<div class=\"mkdf-ig-image-inner\">\n\t\t\t\t\t\t\t\t\t\t\t<a itemprop=\"image\" class=\"mkdf-ig-lightbox\" href=\"https:\/\/www.falcadedolomiti.it\/wp-content\/uploads\/2024\/04\/bosco-degli-artisti_falcade-le-buse.jpg\" data-rel=\"prettyPhoto[image_gallery_pretty_photo-589]\" title=\"bosco-degli-artisti_falcade-le-buse\">\n\t\t\t\t\t\t\t\t\t\t\t<img loading=\"lazy\" decoding=\"async\" width=\"1000\" height=\"650\" src=\"https:\/\/www.falcadedolomiti.it\/wp-content\/uploads\/2024\/04\/bosco-degli-artisti_falcade-le-buse.jpg\" class=\"attachment-full size-full\" alt=\"\" srcset=\"https:\/\/www.falcadedolomiti.it\/wp-content\/uploads\/2024\/04\/bosco-degli-artisti_falcade-le-buse.jpg 1000w, https:\/\/www.falcadedolomiti.it\/wp-content\/uploads\/2024\/04\/bosco-degli-artisti_falcade-le-buse-300x195.jpg 300w, https:\/\/www.falcadedolomiti.it\/wp-content\/uploads\/2024\/04\/bosco-degli-artisti_falcade-le-buse-768x499.jpg 768w\" sizes=\"auto, (max-width: 1000px) 100vw, 1000px\" \/>\t\t\t\t\t\t\t\t\t\t\t<\/a>\n\t\t\t\t\t\t\t\t\t<\/div>\n\t\t\t<\/div>\n\t\t\t\t\t<div class=\"mkdf-ig-image mkdf-item-space\">\n\t\t\t\t<div class=\"mkdf-ig-image-inner\">\n\t\t\t\t\t\t\t\t\t\t\t<a itemprop=\"image\" class=\"mkdf-ig-lightbox\" href=\"https:\/\/www.falcadedolomiti.it\/wp-content\/uploads\/2025\/04\/famiglia_boscoartisti-2.jpg\" data-rel=\"prettyPhoto[image_gallery_pretty_photo-589]\" title=\"famiglia_boscoartisti\">\n\t\t\t\t\t\t\t\t\t\t\t<img loading=\"lazy\" decoding=\"async\" width=\"1000\" height=\"650\" src=\"https:\/\/www.falcadedolomiti.it\/wp-content\/uploads\/2025\/04\/famiglia_boscoartisti-2.jpg\" class=\"attachment-full size-full\" alt=\"\" srcset=\"https:\/\/www.falcadedolomiti.it\/wp-content\/uploads\/2025\/04\/famiglia_boscoartisti-2.jpg 1000w, https:\/\/www.falcadedolomiti.it\/wp-content\/uploads\/2025\/04\/famiglia_boscoartisti-2-300x195.jpg 300w, https:\/\/www.falcadedolomiti.it\/wp-content\/uploads\/2025\/04\/famiglia_boscoartisti-2-768x499.jpg 768w\" sizes=\"auto, (max-width: 1000px) 100vw, 1000px\" \/>\t\t\t\t\t\t\t\t\t\t\t<\/a>\n\t\t\t\t\t\t\t\t\t<\/div>\n\t\t\t<\/div>\n\t\t\t<\/div>\n<\/div><a itemprop=\"url\" href=\"https:\/\/www.falcadedolomiti.it\/esperienze-falcade\/esperienze\/TRN\/2c94d772-47aa-4962-b85f-696e8d26c788\/a-caccia-di-natura-nel-bosco-degli-artisti\" target=\"_blank\" style=\"color: #000000;background-color: #EF7983;border-color: #EF7983\" class=\"mkdf-btn mkdf-btn-medium mkdf-btn-solid mkdf-btn-custom-hover-bg mkdf-btn-custom-border-hover mkdf-btn-custom-hover-color\" data-hover-color=\"#FFFFFF\" data-hover-bg-color=\"#EF7983\" data-hover-border-color=\"#EF7983\">\n    <span class=\"mkdf-btn-text\">Info costi e prenotazione esperienza<\/span>\n    <\/a>[\/vc_column][\/vc_row][vc_row css=&#8221;.vc_custom_1602666182136{padding-bottom: 50px !important;}&#8221;][vc_column][vc_column_text css=&#8221;&#8221;]<\/p>\n<h3>Venerd\u00ec<\/h3>\n<p>[\/vc_column_text][vc_column_text css=&#8221;&#8221;]<\/p>\n<h4>Fon el Formai, facciamo il formaggio<\/h4>\n<p>[\/vc_column_text][vc_column_text css=&#8221;&#8221;]<\/p>\n<h5>dal 4 luglio al 29 agosto (no 15 agosto) &#8211; ore 9,30-11,30<\/h5>\n<h6>Dimostrazione di lavorazione del formaggio dedicata a grandi e piccini<\/h6>\n<p>[\/vc_column_text][vc_column_text css=&#8221;.vc_custom_1752429313757{padding-top: 15px !important;}&#8221;]All&#8217; <a href=\"https:\/\/www.falcadedolomiti.it\/en\/restaurant\/piccola-baita-farm-house\/\" target=\"_blank\" rel=\"noopener\"><strong>Agriturismo Piccola Baita <\/strong><\/a>di <strong>Sappade, <\/strong>lo <strong>chef Contadino<\/strong> e <strong>Mastro Casaro Fabrizio <\/strong>dar\u00e0 dimostrazione di come si fa il formaggio.<br \/>\nUn tuffo fra passato e presente alla scoperta di antichi saperi e sapori.<br \/>\nA seguire piccola degustazione di formaggi locali.[\/vc_column_text]<div class=\"mkdf-image-gallery  mkdf-ig-grid-type mkdf-normal-space  mkdf-image-behavior-lightbox\">\n\t<div class=\"mkdf-ig-inner mkdf-outer-space mkdf-ig-grid mkdf-ig-three-columns\">\n\t\t\t\t\t<div class=\"mkdf-ig-image mkdf-item-space\">\n\t\t\t\t<div class=\"mkdf-ig-image-inner\">\n\t\t\t\t\t\t\t\t\t\t\t<a itemprop=\"image\" class=\"mkdf-ig-lightbox\" href=\"https:\/\/www.falcadedolomiti.it\/wp-content\/uploads\/2018\/03\/fon-el-formai.jpg\" data-rel=\"prettyPhoto[image_gallery_pretty_photo-999]\" title=\"fon-el-formai\">\n\t\t\t\t\t\t\t\t\t\t\t<img loading=\"lazy\" decoding=\"async\" width=\"1000\" height=\"650\" src=\"https:\/\/www.falcadedolomiti.it\/wp-content\/uploads\/2018\/03\/fon-el-formai.jpg\" class=\"attachment-full size-full\" alt=\"Esperienze genuine -Facciamo il formaggio\" srcset=\"https:\/\/www.falcadedolomiti.it\/wp-content\/uploads\/2018\/03\/fon-el-formai.jpg 1000w, https:\/\/www.falcadedolomiti.it\/wp-content\/uploads\/2018\/03\/fon-el-formai-300x195.jpg 300w, https:\/\/www.falcadedolomiti.it\/wp-content\/uploads\/2018\/03\/fon-el-formai-768x499.jpg 768w\" sizes=\"auto, (max-width: 1000px) 100vw, 1000px\" \/>\t\t\t\t\t\t\t\t\t\t\t<\/a>\n\t\t\t\t\t\t\t\t\t<\/div>\n\t\t\t<\/div>\n\t\t\t\t\t<div class=\"mkdf-ig-image mkdf-item-space\">\n\t\t\t\t<div class=\"mkdf-ig-image-inner\">\n\t\t\t\t\t\t\t\t\t\t\t<a itemprop=\"image\" class=\"mkdf-ig-lightbox\" href=\"https:\/\/www.falcadedolomiti.it\/wp-content\/uploads\/2018\/03\/fare-il-formaggio-con-i-bambini.jpg\" data-rel=\"prettyPhoto[image_gallery_pretty_photo-999]\" title=\"fare-il-formaggio-con-i-bambini\">\n\t\t\t\t\t\t\t\t\t\t\t<img loading=\"lazy\" decoding=\"async\" width=\"1000\" height=\"650\" src=\"https:\/\/www.falcadedolomiti.it\/wp-content\/uploads\/2018\/03\/fare-il-formaggio-con-i-bambini.jpg\" class=\"attachment-full size-full\" alt=\"\" srcset=\"https:\/\/www.falcadedolomiti.it\/wp-content\/uploads\/2018\/03\/fare-il-formaggio-con-i-bambini.jpg 1000w, https:\/\/www.falcadedolomiti.it\/wp-content\/uploads\/2018\/03\/fare-il-formaggio-con-i-bambini-300x195.jpg 300w, https:\/\/www.falcadedolomiti.it\/wp-content\/uploads\/2018\/03\/fare-il-formaggio-con-i-bambini-768x499.jpg 768w\" sizes=\"auto, (max-width: 1000px) 100vw, 1000px\" \/>\t\t\t\t\t\t\t\t\t\t\t<\/a>\n\t\t\t\t\t\t\t\t\t<\/div>\n\t\t\t<\/div>\n\t\t\t<\/div>\n<\/div><a itemprop=\"url\" href=\"https:\/\/www.falcadedolomiti.it\/esperienze-falcade\/esperienze\/TRN\/7e4dda24-c2dd-4e6e-b18a-9f1461bbe7bf\/-fon-el-formai---facciamo-il-formaggio\" target=\"_blank\" style=\"color: #000000;background-color: #EF7983;border-color: #EF7983\" class=\"mkdf-btn mkdf-btn-medium mkdf-btn-solid mkdf-btn-custom-hover-bg mkdf-btn-custom-border-hover mkdf-btn-custom-hover-color\" data-hover-color=\"#FFFFFF\" data-hover-bg-color=\"#EF7983\" data-hover-border-color=\"#EF7983\">\n    <span class=\"mkdf-btn-text\">Info costi e prenotazione esperienza<\/span>\n    <\/a>[vc_empty_space][vc_column_text css=&#8221;&#8221;]<\/p>\n<h4>Alla scoperta di Gares<\/h4>\n<p>[\/vc_column_text][vc_column_text css=&#8221;&#8221;]<\/p>\n<h5>dal 6 luglio al 31 agosto (no 15 agosto) &#8211; ore 9,00-13,00<\/h5>\n<h6>Passeggiata alla scoperta dell&#8217;affascinante Valle di Gares e cascate delle Comelle<\/h6>\n<p>[\/vc_column_text][vc_column_text css=&#8221;.vc_custom_1752432634195{padding-top: 15px !important;}&#8221;]Una piacevole passeggiata ad anello con guida alla scoperta del <strong>biotipo<\/strong> e del <strong>borgo di Gares, <\/strong>visita alla chiesetta e all&#8217;Atriol, un capitello votivo.<br \/>\nRitorno passando per le <strong>cascate delle Comelle.<\/strong>[\/vc_column_text]<div class=\"mkdf-image-gallery  mkdf-ig-grid-type mkdf-normal-space  mkdf-image-behavior-lightbox\">\n\t<div class=\"mkdf-ig-inner mkdf-outer-space mkdf-ig-grid mkdf-ig-three-columns\">\n\t\t\t\t\t<div class=\"mkdf-ig-image mkdf-item-space\">\n\t\t\t\t<div class=\"mkdf-ig-image-inner\">\n\t\t\t\t\t\t\t\t\t\t\t<a itemprop=\"image\" class=\"mkdf-ig-lightbox\" href=\"https:\/\/www.falcadedolomiti.it\/wp-content\/uploads\/2018\/03\/gares_martinacagnati.jpg\" data-rel=\"prettyPhoto[image_gallery_pretty_photo-28]\" title=\"gares_martinacagnati\">\n\t\t\t\t\t\t\t\t\t\t\t<img loading=\"lazy\" decoding=\"async\" width=\"1000\" height=\"650\" src=\"https:\/\/www.falcadedolomiti.it\/wp-content\/uploads\/2018\/03\/gares_martinacagnati.jpg\" class=\"attachment-full size-full\" alt=\"\" srcset=\"https:\/\/www.falcadedolomiti.it\/wp-content\/uploads\/2018\/03\/gares_martinacagnati.jpg 1000w, https:\/\/www.falcadedolomiti.it\/wp-content\/uploads\/2018\/03\/gares_martinacagnati-300x195.jpg 300w, https:\/\/www.falcadedolomiti.it\/wp-content\/uploads\/2018\/03\/gares_martinacagnati-768x499.jpg 768w\" sizes=\"auto, (max-width: 1000px) 100vw, 1000px\" \/>\t\t\t\t\t\t\t\t\t\t\t<\/a>\n\t\t\t\t\t\t\t\t\t<\/div>\n\t\t\t<\/div>\n\t\t\t\t\t<div class=\"mkdf-ig-image mkdf-item-space\">\n\t\t\t\t<div class=\"mkdf-ig-image-inner\">\n\t\t\t\t\t\t\t\t\t\t\t<a itemprop=\"image\" class=\"mkdf-ig-lightbox\" href=\"https:\/\/www.falcadedolomiti.it\/wp-content\/uploads\/2018\/03\/canale-valle-di-gares.jpg\" data-rel=\"prettyPhoto[image_gallery_pretty_photo-28]\" title=\"canale-valle-di-gares\">\n\t\t\t\t\t\t\t\t\t\t\t<img loading=\"lazy\" decoding=\"async\" width=\"1000\" height=\"650\" src=\"https:\/\/www.falcadedolomiti.it\/wp-content\/uploads\/2018\/03\/canale-valle-di-gares.jpg\" class=\"attachment-full size-full\" alt=\"\" srcset=\"https:\/\/www.falcadedolomiti.it\/wp-content\/uploads\/2018\/03\/canale-valle-di-gares.jpg 1000w, https:\/\/www.falcadedolomiti.it\/wp-content\/uploads\/2018\/03\/canale-valle-di-gares-300x195.jpg 300w, https:\/\/www.falcadedolomiti.it\/wp-content\/uploads\/2018\/03\/canale-valle-di-gares-768x499.jpg 768w\" sizes=\"auto, (max-width: 1000px) 100vw, 1000px\" \/>\t\t\t\t\t\t\t\t\t\t\t<\/a>\n\t\t\t\t\t\t\t\t\t<\/div>\n\t\t\t<\/div>\n\t\t\t\t\t<div class=\"mkdf-ig-image mkdf-item-space\">\n\t\t\t\t<div class=\"mkdf-ig-image-inner\">\n\t\t\t\t\t\t\t\t\t\t\t<a itemprop=\"image\" class=\"mkdf-ig-lightbox\" href=\"https:\/\/www.falcadedolomiti.it\/wp-content\/uploads\/2021\/03\/Cascata-delle-Comelle.jpg\" data-rel=\"prettyPhoto[image_gallery_pretty_photo-28]\" title=\"Cascata-delle-Comelle\">\n\t\t\t\t\t\t\t\t\t\t\t<img loading=\"lazy\" decoding=\"async\" width=\"1000\" height=\"650\" src=\"https:\/\/www.falcadedolomiti.it\/wp-content\/uploads\/2021\/03\/Cascata-delle-Comelle.jpg\" class=\"attachment-full size-full\" alt=\"\" srcset=\"https:\/\/www.falcadedolomiti.it\/wp-content\/uploads\/2021\/03\/Cascata-delle-Comelle.jpg 1000w, https:\/\/www.falcadedolomiti.it\/wp-content\/uploads\/2021\/03\/Cascata-delle-Comelle-300x195.jpg 300w, https:\/\/www.falcadedolomiti.it\/wp-content\/uploads\/2021\/03\/Cascata-delle-Comelle-768x499.jpg 768w\" sizes=\"auto, (max-width: 1000px) 100vw, 1000px\" \/>\t\t\t\t\t\t\t\t\t\t\t<\/a>\n\t\t\t\t\t\t\t\t\t<\/div>\n\t\t\t<\/div>\n\t\t\t<\/div>\n<\/div><a itemprop=\"url\" href=\"https:\/\/www.falcadedolomiti.it\/esperienze-falcade\/esperienze\/TRN\/bd4cd07b-a31d-461f-836d-12e9e74e4426\/alla-scoperta-del-borgo-di-gares\" target=\"_blank\" style=\"color: #000000;background-color: #EF7983;border-color: #EF7983\" class=\"mkdf-btn mkdf-btn-medium mkdf-btn-solid mkdf-btn-custom-hover-bg mkdf-btn-custom-border-hover mkdf-btn-custom-hover-color\" data-hover-color=\"#FFFFFF\" data-hover-bg-color=\"#EF7983\" data-hover-border-color=\"#EF7983\">\n    <span class=\"mkdf-btn-text\">Info costi e prenotazione esperienza<\/span>\n    <\/a>[\/vc_column][\/vc_row][vc_row css=&#8221;.vc_custom_1602666182136{padding-bottom: 50px !important;}&#8221;][vc_column][vc_column_text css=&#8221;&#8221;]<\/p>\n<h3>Domenica<\/h3>\n<p>[\/vc_column_text][vc_column_text css=&#8221;&#8221;]<\/p>\n<h4>Le Miniere di Valle Imperina<\/h4>\n<p>[\/vc_column_text][vc_column_text css=&#8221;&#8221;]<\/p>\n<h5>dal 6 luglio al 31 agosto &#8211; ore 9,30-13,00<\/h5>\n<h6>Una giornata da veri esploratori alle miniere di Valle Imperina<\/h6>\n<p>[\/vc_column_text][vc_column_text css=&#8221;.vc_custom_1752431291477{padding-top: 15px !important;}&#8221;]Un&#8217;avventura da vivere insieme a tutta la famiglia, un&#8217; <strong>esperienza autentica <\/strong>alla scoperta dell&#8217;antico <strong>sito <\/strong>presso il<a href=\"https:\/\/www.falcadedolomiti.it\/en\/?page_id=17376\" target=\"_blank\" rel=\"noopener\"><strong> Centro Minerario di Valle Imperina<\/strong><\/a>.<br \/>\nUn luogo affascinante dove storia, natura e mistero si incontrano.<br \/>\nBasta indossare un caschetto ed entrare nelle <strong>gallerie<\/strong> scavate secoli fa e lasciarsi guidare nel <strong>mondo dei minatori.<br \/>\nLaboratori per bambini\u00a0<\/strong>nel pomeriggio.[\/vc_column_text]<div class=\"mkdf-image-gallery  mkdf-ig-grid-type mkdf-normal-space  mkdf-image-behavior-lightbox\">\n\t<div class=\"mkdf-ig-inner mkdf-outer-space mkdf-ig-grid mkdf-ig-three-columns\">\n\t\t\t\t\t<div class=\"mkdf-ig-image mkdf-item-space\">\n\t\t\t\t<div class=\"mkdf-ig-image-inner\">\n\t\t\t\t\t\t\t\t\t\t\t<a itemprop=\"image\" class=\"mkdf-ig-lightbox\" href=\"https:\/\/www.falcadedolomiti.it\/wp-content\/uploads\/2018\/03\/visite-guidate-centro-minerario.jpg\" data-rel=\"prettyPhoto[image_gallery_pretty_photo-156]\" title=\"visite-guidate-centro-minerario\">\n\t\t\t\t\t\t\t\t\t\t\t<img loading=\"lazy\" decoding=\"async\" width=\"1000\" height=\"650\" src=\"https:\/\/www.falcadedolomiti.it\/wp-content\/uploads\/2018\/03\/visite-guidate-centro-minerario.jpg\" class=\"attachment-full size-full\" alt=\"\" srcset=\"https:\/\/www.falcadedolomiti.it\/wp-content\/uploads\/2018\/03\/visite-guidate-centro-minerario.jpg 1000w, https:\/\/www.falcadedolomiti.it\/wp-content\/uploads\/2018\/03\/visite-guidate-centro-minerario-300x195.jpg 300w, https:\/\/www.falcadedolomiti.it\/wp-content\/uploads\/2018\/03\/visite-guidate-centro-minerario-768x499.jpg 768w\" sizes=\"auto, (max-width: 1000px) 100vw, 1000px\" \/>\t\t\t\t\t\t\t\t\t\t\t<\/a>\n\t\t\t\t\t\t\t\t\t<\/div>\n\t\t\t<\/div>\n\t\t\t\t\t<div class=\"mkdf-ig-image mkdf-item-space\">\n\t\t\t\t<div class=\"mkdf-ig-image-inner\">\n\t\t\t\t\t\t\t\t\t\t\t<a itemprop=\"image\" class=\"mkdf-ig-lightbox\" href=\"https:\/\/www.falcadedolomiti.it\/wp-content\/uploads\/2018\/03\/centro-minerario-panoramica.jpg\" data-rel=\"prettyPhoto[image_gallery_pretty_photo-156]\" title=\"centro-minerario-panoramica\">\n\t\t\t\t\t\t\t\t\t\t\t<img loading=\"lazy\" decoding=\"async\" width=\"1000\" height=\"650\" src=\"https:\/\/www.falcadedolomiti.it\/wp-content\/uploads\/2018\/03\/centro-minerario-panoramica.jpg\" class=\"attachment-full size-full\" alt=\"\" srcset=\"https:\/\/www.falcadedolomiti.it\/wp-content\/uploads\/2018\/03\/centro-minerario-panoramica.jpg 1000w, https:\/\/www.falcadedolomiti.it\/wp-content\/uploads\/2018\/03\/centro-minerario-panoramica-300x195.jpg 300w, https:\/\/www.falcadedolomiti.it\/wp-content\/uploads\/2018\/03\/centro-minerario-panoramica-768x499.jpg 768w\" sizes=\"auto, (max-width: 1000px) 100vw, 1000px\" \/>\t\t\t\t\t\t\t\t\t\t\t<\/a>\n\t\t\t\t\t\t\t\t\t<\/div>\n\t\t\t<\/div>\n\t\t\t\t\t<div class=\"mkdf-ig-image mkdf-item-space\">\n\t\t\t\t<div class=\"mkdf-ig-image-inner\">\n\t\t\t\t\t\t\t\t\t\t\t<a itemprop=\"image\" class=\"mkdf-ig-lightbox\" href=\"https:\/\/www.falcadedolomiti.it\/wp-content\/uploads\/2018\/03\/visite-guidate-miniere-valle-imperina.jpg\" data-rel=\"prettyPhoto[image_gallery_pretty_photo-156]\" title=\"visite-guidate-miniere-valle-imperina\">\n\t\t\t\t\t\t\t\t\t\t\t<img loading=\"lazy\" decoding=\"async\" width=\"1000\" height=\"650\" src=\"https:\/\/www.falcadedolomiti.it\/wp-content\/uploads\/2018\/03\/visite-guidate-miniere-valle-imperina.jpg\" class=\"attachment-full size-full\" alt=\"\" srcset=\"https:\/\/www.falcadedolomiti.it\/wp-content\/uploads\/2018\/03\/visite-guidate-miniere-valle-imperina.jpg 1000w, https:\/\/www.falcadedolomiti.it\/wp-content\/uploads\/2018\/03\/visite-guidate-miniere-valle-imperina-300x195.jpg 300w, https:\/\/www.falcadedolomiti.it\/wp-content\/uploads\/2018\/03\/visite-guidate-miniere-valle-imperina-768x499.jpg 768w\" sizes=\"auto, (max-width: 1000px) 100vw, 1000px\" \/>\t\t\t\t\t\t\t\t\t\t\t<\/a>\n\t\t\t\t\t\t\t\t\t<\/div>\n\t\t\t<\/div>\n\t\t\t\t\t<div class=\"mkdf-ig-image mkdf-item-space\">\n\t\t\t\t<div class=\"mkdf-ig-image-inner\">\n\t\t\t\t\t\t\t\t\t\t\t<a itemprop=\"image\" class=\"mkdf-ig-lightbox\" href=\"https:\/\/www.falcadedolomiti.it\/wp-content\/uploads\/2018\/03\/visite-con-guida-miniere-valle-imperina.jpg\" data-rel=\"prettyPhoto[image_gallery_pretty_photo-156]\" title=\"visite-con-guida-miniere-valle-imperina\">\n\t\t\t\t\t\t\t\t\t\t\t<img loading=\"lazy\" decoding=\"async\" width=\"1000\" height=\"650\" src=\"https:\/\/www.falcadedolomiti.it\/wp-content\/uploads\/2018\/03\/visite-con-guida-miniere-valle-imperina.jpg\" class=\"attachment-full size-full\" alt=\"\" srcset=\"https:\/\/www.falcadedolomiti.it\/wp-content\/uploads\/2018\/03\/visite-con-guida-miniere-valle-imperina.jpg 1000w, https:\/\/www.falcadedolomiti.it\/wp-content\/uploads\/2018\/03\/visite-con-guida-miniere-valle-imperina-300x195.jpg 300w, https:\/\/www.falcadedolomiti.it\/wp-content\/uploads\/2018\/03\/visite-con-guida-miniere-valle-imperina-768x499.jpg 768w\" sizes=\"auto, (max-width: 1000px) 100vw, 1000px\" \/>\t\t\t\t\t\t\t\t\t\t\t<\/a>\n\t\t\t\t\t\t\t\t\t<\/div>\n\t\t\t<\/div>\n\t\t\t<\/div>\n<\/div><a itemprop=\"url\" href=\"https:\/\/www.falcadedolomiti.it\/esperienze-falcade\/esperienze\/TRN\/0d3c08e0-4242-4f49-b2aa-45f5221eb46c\/una-giornata-da-veri-esploratori\" target=\"_blank\" style=\"color: #000000;background-color: #EF7983;border-color: #EF7983\" class=\"mkdf-btn mkdf-btn-medium mkdf-btn-solid mkdf-btn-custom-hover-bg mkdf-btn-custom-border-hover mkdf-btn-custom-hover-color\" data-hover-color=\"#FFFFFF\" data-hover-bg-color=\"#EF7983\" data-hover-border-color=\"#EF7983\">\n    <span class=\"mkdf-btn-text\">Info costi e prenotazione esperienza<\/span>\n    <\/a>[\/vc_column][\/vc_row][vc_row full_width=&#8221;stretch_row_content&#8221; content_placement=&#8221;middle&#8221; simple_background_color=&#8221;#ef7983&#8243; css=&#8221;.vc_custom_1689158821916{padding-top: 50px !important;padding-bottom: 50px !important;}&#8221;][vc_column][vc_row_inner row_content_width=&#8221;grid&#8221; el_id=&#8221;cta-section-2&#8243;][vc_column_inner width=&#8221;2\/3&#8243;][vc_column_text css=&#8221;&#8221;]<\/p>\n<h3>Scarica il programma delle attivit\u00e0 settimanali<\/h3>\n<p><span style=\"color: #000000;\">Per info sul programma\u00a0 completo e prenotazioni contattare i numeri:<br \/>\n<strong><a style=\"color: #000000;\" href=\"tel:3391255438\" target=\"_blank\" rel=\"noopener\">339 1255438<\/a><\/strong><\/span> per le attivit\u00e0 del luned\u00ec, marted\u00ec e mercoled\u00ec e venerd\u00ec pomeriggio<br \/>\n<strong><a style=\"color: #000000;\" href=\"tel:3347230117\" target=\"_blank\" rel=\"noopener\">334 7230117<\/a><\/strong> per le attivit\u00e0 del gioved\u00ec e venerd\u00ec mattina<br \/>\n<strong><a style=\"color: #000000;\" href=\"tel:3460896413\" target=\"_blank\" rel=\"noopener\">346 0896413<\/a><\/strong> per le attivit\u00e0 di domenica[\/vc_column_text][\/vc_column_inner][vc_column_inner width=&#8221;1\/3&#8243;]<a itemprop=\"url\" href=\"https:\/\/www.falcadedolomiti.it\/wp-content\/uploads\/2018\/03\/PIEGHEVOLE-ATTIVITA-SETTIMANALI-ESTATE-2025.pdf\" target=\"_blank\" style=\"color: #1c1c1c;background-color: #ffffff;font-size: 14px;font-weight: 700\" class=\"mkdf-btn mkdf-btn-medium mkdf-btn-solid mkdf-btn-custom-hover-bg mkdf-btn-custom-hover-color\" data-hover-color=\"rgba(255,255,255,0.8)\" data-hover-bg-color=\"#1c1c1c\">\n    <span class=\"mkdf-btn-text\">Scarica ora<\/span>\n    <\/a>[\/vc_column_inner][\/vc_row_inner][\/vc_column][\/vc_row]<\/p>\n<\/div>","protected":false},"excerpt":{"rendered":"<p>[vc_row css=&#8221;.vc_custom_1602667400344{padding-bottom: 36px !important;}&#8221;][vc_column][vc_column_text css=&#8221;.vc_custom_1753188842718{margin-top: -10px !important;}&#8221;] Viaggio nei sentieri e nelle arti antiche con Ecomuseo della Valle del Biois Attivit\u00e0 settimanali che si svolgeranno nelle giornate di luned\u00ec, marted\u00ec, mercoled\u00ec, gioved\u00ec, venerd\u00ec e domenica con esperienze alla scoperta dei tesori d&#8217;arte, natura, cultura, tradizioni e antichi mestieri immersi nei borghi e nella natura della\u00a0Val del Biois nelle Dolomiti Bellunesi, accompagnati dalle guide dell&#8217; Ecomuseo della Valle del Biois in collaborazione con la Fondazione Papa Luciani ed il Consorzio PromoFalcade Dolomiti. Per le attivit\u00e0 delle giornate di: luned\u00ec [&hellip;]<\/p>\n","protected":false},"author":2,"featured_media":10737,"parent":0,"menu_order":2,"comment_status":"closed","ping_status":"closed","template":"","meta":{"_acf_changed":false,"footnotes":""},"class_list":["post-14947","page","type-page","status-publish","has-post-thumbnail","hentry"],"acf":[],"_links":{"self":[{"href":"https:\/\/www.falcadedolomiti.it\/en\/wp-json\/wp\/v2\/pages\/14947","targetHints":{"allow":["GET"]}}],"collection":[{"href":"https:\/\/www.falcadedolomiti.it\/en\/wp-json\/wp\/v2\/pages"}],"about":[{"href":"https:\/\/www.falcadedolomiti.it\/en\/wp-json\/wp\/v2\/types\/page"}],"author":[{"embeddable":true,"href":"https:\/\/www.falcadedolomiti.it\/en\/wp-json\/wp\/v2\/users\/2"}],"replies":[{"embeddable":true,"href":"https:\/\/www.falcadedolomiti.it\/en\/wp-json\/wp\/v2\/comments?post=14947"}],"version-history":[{"count":3,"href":"https:\/\/www.falcadedolomiti.it\/en\/wp-json\/wp\/v2\/pages\/14947\/revisions"}],"predecessor-version":[{"id":19144,"href":"https:\/\/www.falcadedolomiti.it\/en\/wp-json\/wp\/v2\/pages\/14947\/revisions\/19144"}],"wp:featuredmedia":[{"embeddable":true,"href":"https:\/\/www.falcadedolomiti.it\/en\/wp-json\/wp\/v2\/media\/10737"}],"wp:attachment":[{"href":"https:\/\/www.falcadedolomiti.it\/en\/wp-json\/wp\/v2\/media?parent=14947"}],"curies":[{"name":"wp","href":"https:\/\/api.w.org\/{rel}","templated":true}]}}